{"id":776,"date":"2016-10-04T14:41:32","date_gmt":"2016-10-04T14:41:32","guid":{"rendered":"http:\/\/ascensorescondal.com\/newproyect\/?page_id=241"},"modified":"2024-04-05T14:21:18","modified_gmt":"2024-04-05T12:21:18","slug":"ascensors-vilafranca-del-penedes","status":"publish","type":"page","link":"https:\/\/ascensorescondal.com\/ca\/ascensors-vilafranca-del-penedes\/","title":{"rendered":"Ascensores Vilafranca del Penedes"},"content":{"rendered":"<h1 class=\"uk-article-title\">Ascensors Vilafranca del Pened\u00e8s<\/h1>\n<p>&nbsp;<\/p>\n<p><img decoding=\"async\" class=\"alignright wp-image-39 size-medium\" src=\"\/wp-content\/uploads\/2016\/05\/DSC_0960-685x1024-201x300.jpg\" alt=\"ascensor vilafranca\" width=\"201\" height=\"\" \/>Des dels nostres or\u00edgens, a <strong>Ascensors Comtal<\/strong> hem ofert un servei integral per a ascensors. D&#8217;aquesta manera, els nostres clients sempre han pogut disposar de nosaltres per dur a terme una instal\u00b7laci\u00f3, la rehabilitaci\u00f3 dels dispositius o senzillament pel manteniment d&#8217;ascensors a l&#8217;Hospitalet, Vilafranca del Pened\u00e8s, Manresa o, en definitiva, tota la prov\u00edncia de Barcelona.<\/p>\n<p>Tot i aix\u00f2, si hi ha un servei que des de la nostra empresa ens agrada destacar per l&#8217;important valor que posseeix \u00e9s el de la <strong>modernitzaci\u00f3 d&#8217;elevadors<\/strong>. \u00c9s un servei dirigit per a aquells domicilis o comunitats de ve\u00efns els ascensors dels quals, tot i tenir encara molta vida \u00fatil per davant, els vindria b\u00e9 un rentat de cara. Aix\u00ed, aquesta prestaci\u00f3 compta amb diversos apartats entre els quals es pot escollir aquell que resulti m\u00e9s convenient: reforma general de l&#8217;ascensor, renovaci\u00f3 de la maquin\u00e0ria, substituci\u00f3 del quadre el\u00e8ctric per a una <strong>reducci\u00f3 de la despesa energ\u00e8tica<\/strong> amb el conseg\u00fcent estalvi a la factura i decoraci\u00f3 de la cabina.<\/p>\n<p>Qualsevol d&#8217;aquestes possibilitats comporta una s\u00e8rie d&#8217;avantatges \u00fanics que no trigar\u00e0 a gaudir. Truqui&#8217;ns i informi&#8217;s sense comprom\u00eds dels nostres pressupostos.<\/p>\n","protected":false},"excerpt":{"rendered":"<p>Ascensors Vilafranca del Pened\u00e8s &nbsp; Des dels nostres or\u00edgens, a Ascensors Comtal hem ofert un servei integral per a ascensors. D&#8217;aquesta manera, els nostres clients sempre han pogut disposar de nosaltres per dur a terme una instal\u00b7laci\u00f3, la rehabilitaci\u00f3 dels dispositius o senzillament pel manteniment d&#8217;ascensors a l&#8217;Hospitalet, Vilafranca del Pened\u00e8s, Manresa o, en definitiva, &hellip;<\/p>\n<p class=\"read-more\"> <a class=\"\" href=\"https:\/\/ascensorescondal.com\/ca\/ascensors-vilafranca-del-penedes\/\"> <span class=\"screen-reader-text\">Ascensores Vilafranca del Penedes<\/span> Llegeix m\u00e9s &raquo;<\/a><\/p>\n","protected":false},"author":1,"featured_media":0,"parent":0,"menu_order":0,"comment_status":"closed","ping_status":"closed","template":"","meta":{"site-sidebar-layout":"default","site-content-layout":"","ast-site-content-layout":"default","site-content-style":"default","site-sidebar-style":"default","ast-global-header-display":"","ast-banner-title-visibility":"","ast-main-header-display":"","ast-hfb-above-header-display":"","ast-hfb-below-header-display":"","ast-hfb-mobile-header-display":"","site-post-title":"","ast-breadcrumbs-content":"","ast-featured-img":"","footer-sml-layout":"","theme-transparent-header-meta":"default","adv-header-id-meta":"","stick-header-meta":"","header-above-stick-meta":"","header-main-stick-meta":"","header-below-stick-meta":"","astra-migrate-meta-layouts":"set","footnotes":""},"class_list":["post-776","page","type-page","status-publish","hentry"],"yoast_head":"<!-- This site is optimized with the Yoast SEO plugin v26.0 - https:\/\/yoast.com\/wordpress\/plugins\/seo\/ -->\n<title>Ascensors Vilafranca del Pened\u00e8s. Manteniment elevador<\/title>\n<meta name=\"description\" content=\"ASCENSORS EURO CONDAL. Ascensor Vilafranca. Empresa experta en el manteniment i la instal\u00b7laci\u00f3 d&#039;elevadors a Vilafranca del Pened\u00e8s\" \/>\n<meta name=\"robots\" content=\"index, follow, max-snippet:-1, max-image-preview:large, max-video-preview:-1\" \/>\n<link rel=\"canonical\" href=\"https:\/\/ascensorescondal.com\/ca\/ascensors-vilafranca-del-penedes\/\" \/>\n<meta property=\"og:locale\" content=\"ca_ES\" \/>\n<meta property=\"og:type\" content=\"article\" \/>\n<meta property=\"og:title\" content=\"Ascensors Vilafranca del Pened\u00e8s. Manteniment elevador\" \/>\n<meta property=\"og:description\" content=\"ASCENSORS EURO CONDAL. Ascensor Vilafranca. Empresa experta en el manteniment i la instal\u00b7laci\u00f3 d&#039;elevadors a Vilafranca del Pened\u00e8s\" \/>\n<meta property=\"og:url\" content=\"https:\/\/ascensorescondal.com\/ca\/ascensors-vilafranca-del-penedes\/\" \/>\n<meta property=\"article:modified_time\" content=\"2024-04-05T12:21:18+00:00\" \/>\n<meta name=\"twitter:card\" content=\"summary_large_image\" \/>\n<meta name=\"twitter:label1\" content=\"Temps estimat de lectura\" \/>\n\t<meta name=\"twitter:data1\" content=\"2 minuts\" \/>\n<script type=\"application\/ld+json\" class=\"yoast-schema-graph\">{\"@context\":\"https:\/\/schema.org\",\"@graph\":[{\"@type\":\"WebPage\",\"@id\":\"https:\/\/ascensorescondal.com\/ca\/ascensors-vilafranca-del-penedes\/\",\"url\":\"https:\/\/ascensorescondal.com\/ca\/ascensors-vilafranca-del-penedes\/\",\"name\":\"Ascensors Vilafranca del Pened\u00e8s. Manteniment elevador\",\"isPartOf\":{\"@id\":\"https:\/\/ascensorescondal.com\/ca\/#website\"},\"datePublished\":\"2016-10-04T14:41:32+00:00\",\"dateModified\":\"2024-04-05T12:21:18+00:00\",\"description\":\"ASCENSORS EURO CONDAL. Ascensor Vilafranca. Empresa experta en el manteniment i la instal\u00b7laci\u00f3 d'elevadors a Vilafranca del Pened\u00e8s\",\"breadcrumb\":{\"@id\":\"https:\/\/ascensorescondal.com\/ca\/ascensors-vilafranca-del-penedes\/#breadcrumb\"},\"inLanguage\":\"ca\",\"potentialAction\":[{\"@type\":\"ReadAction\",\"target\":[\"https:\/\/ascensorescondal.com\/ca\/ascensors-vilafranca-del-penedes\/\"]}]},{\"@type\":\"BreadcrumbList\",\"@id\":\"https:\/\/ascensorescondal.com\/ca\/ascensors-vilafranca-del-penedes\/#breadcrumb\",\"itemListElement\":[{\"@type\":\"ListItem\",\"position\":1,\"name\":\"Portada\",\"item\":\"https:\/\/ascensorescondal.com\/ca\/\"},{\"@type\":\"ListItem\",\"position\":2,\"name\":\"Ascensores Vilafranca del Penedes\"}]},{\"@type\":\"WebSite\",\"@id\":\"https:\/\/ascensorescondal.com\/ca\/#website\",\"url\":\"https:\/\/ascensorescondal.com\/ca\/\",\"name\":\"\",\"description\":\"\",\"potentialAction\":[{\"@type\":\"SearchAction\",\"target\":{\"@type\":\"EntryPoint\",\"urlTemplate\":\"https:\/\/ascensorescondal.com\/ca\/?s={search_term_string}\"},\"query-input\":{\"@type\":\"PropertyValueSpecification\",\"valueRequired\":true,\"valueName\":\"search_term_string\"}}],\"inLanguage\":\"ca\"}]}<\/script>\n<!-- \/ Yoast SEO plugin. -->","yoast_head_json":{"title":"Ascensors Vilafranca del Pened\u00e8s. Manteniment elevador","description":"ASCENSORS EURO CONDAL. Ascensor Vilafranca. Empresa experta en el manteniment i la instal\u00b7laci\u00f3 d'elevadors a Vilafranca del Pened\u00e8s","robots":{"index":"index","follow":"follow","max-snippet":"max-snippet:-1","max-image-preview":"max-image-preview:large","max-video-preview":"max-video-preview:-1"},"canonical":"https:\/\/ascensorescondal.com\/ca\/ascensors-vilafranca-del-penedes\/","og_locale":"ca_ES","og_type":"article","og_title":"Ascensors Vilafranca del Pened\u00e8s. Manteniment elevador","og_description":"ASCENSORS EURO CONDAL. Ascensor Vilafranca. Empresa experta en el manteniment i la instal\u00b7laci\u00f3 d'elevadors a Vilafranca del Pened\u00e8s","og_url":"https:\/\/ascensorescondal.com\/ca\/ascensors-vilafranca-del-penedes\/","article_modified_time":"2024-04-05T12:21:18+00:00","twitter_card":"summary_large_image","twitter_misc":{"Temps estimat de lectura":"2 minuts"},"schema":{"@context":"https:\/\/schema.org","@graph":[{"@type":"WebPage","@id":"https:\/\/ascensorescondal.com\/ca\/ascensors-vilafranca-del-penedes\/","url":"https:\/\/ascensorescondal.com\/ca\/ascensors-vilafranca-del-penedes\/","name":"Ascensors Vilafranca del Pened\u00e8s. Manteniment elevador","isPartOf":{"@id":"https:\/\/ascensorescondal.com\/ca\/#website"},"datePublished":"2016-10-04T14:41:32+00:00","dateModified":"2024-04-05T12:21:18+00:00","description":"ASCENSORS EURO CONDAL. Ascensor Vilafranca. Empresa experta en el manteniment i la instal\u00b7laci\u00f3 d'elevadors a Vilafranca del Pened\u00e8s","breadcrumb":{"@id":"https:\/\/ascensorescondal.com\/ca\/ascensors-vilafranca-del-penedes\/#breadcrumb"},"inLanguage":"ca","potentialAction":[{"@type":"ReadAction","target":["https:\/\/ascensorescondal.com\/ca\/ascensors-vilafranca-del-penedes\/"]}]},{"@type":"BreadcrumbList","@id":"https:\/\/ascensorescondal.com\/ca\/ascensors-vilafranca-del-penedes\/#breadcrumb","itemListElement":[{"@type":"ListItem","position":1,"name":"Portada","item":"https:\/\/ascensorescondal.com\/ca\/"},{"@type":"ListItem","position":2,"name":"Ascensores Vilafranca del Penedes"}]},{"@type":"WebSite","@id":"https:\/\/ascensorescondal.com\/ca\/#website","url":"https:\/\/ascensorescondal.com\/ca\/","name":"","description":"","potentialAction":[{"@type":"SearchAction","target":{"@type":"EntryPoint","urlTemplate":"https:\/\/ascensorescondal.com\/ca\/?s={search_term_string}"},"query-input":{"@type":"PropertyValueSpecification","valueRequired":true,"valueName":"search_term_string"}}],"inLanguage":"ca"}]}},"_links":{"self":[{"href":"https:\/\/ascensorescondal.com\/ca\/wp-json\/wp\/v2\/pages\/776","targetHints":{"allow":["GET"]}}],"collection":[{"href":"https:\/\/ascensorescondal.com\/ca\/wp-json\/wp\/v2\/pages"}],"about":[{"href":"https:\/\/ascensorescondal.com\/ca\/wp-json\/wp\/v2\/types\/page"}],"author":[{"embeddable":true,"href":"https:\/\/ascensorescondal.com\/ca\/wp-json\/wp\/v2\/users\/1"}],"replies":[{"embeddable":true,"href":"https:\/\/ascensorescondal.com\/ca\/wp-json\/wp\/v2\/comments?post=776"}],"version-history":[{"count":2,"href":"https:\/\/ascensorescondal.com\/ca\/wp-json\/wp\/v2\/pages\/776\/revisions"}],"predecessor-version":[{"id":1591,"href":"https:\/\/ascensorescondal.com\/ca\/wp-json\/wp\/v2\/pages\/776\/revisions\/1591"}],"wp:attachment":[{"href":"https:\/\/ascensorescondal.com\/ca\/wp-json\/wp\/v2\/media?parent=776"}],"curies":[{"name":"wp","href":"https:\/\/api.w.org\/{rel}","templated":true}]}}