{"id":431,"date":"2018-05-28T14:59:51","date_gmt":"2018-05-28T14:59:51","guid":{"rendered":"https:\/\/ascensorescondal.com\/?page_id=431"},"modified":"2024-05-20T10:17:28","modified_gmt":"2024-05-20T08:17:28","slug":"politica-de-xarxes-socials","status":"publish","type":"page","link":"https:\/\/ascensorescondal.com\/ca\/politica-de-xarxes-socials\/","title":{"rendered":"POL\u00cdTICA DE XARXES SOCIALS"},"content":{"rendered":"<p><strong>POL\u00cdTICA DE PRIVACITAT XARXES SOCIALS <\/strong><\/p>\n<p>De conformitat amb all\u00f2 establert a la normativa vigent en Protecci\u00f3 de Dades de Car\u00e0cter Personal (RGPD) i la Llei 34\/2002, d&#8217;11 de juliol, de Serveis de la Societat de la Informaci\u00f3 i de Comer\u00e7 Electr\u00f2nic (LSSI-CE), INSTAL\u00b7LACIONS ELEVADORES CONDAL SL informa els usuaris, que ha procedit a crear un perfil a la\/les Xarxa\/es Social\/s Facebook, Twitter, Linkedin, Google+, amb la finalitat principal de publicitar els seus productes i serveis.<\/p>\n<p>Dades d&#8217;INSTAL\u00b7LACIONS ELEVADORES CONDAL SL: CIF: B66453929<\/p>\n<p>ADRE\u00c7A: C\/ SANTA MARIA, 27 08980, SANT FELIU DE LLOBREGAT (BARCELONA)<\/p>\n<p>CORREU ELECTR\u00d2NIC: <a href=\"mailto:info@ascensorescondal.com\">info@ascensorescondal.com<\/a> DOMINIO WEB: <a href=\"https:\/\/ascensorescondal.com\/\">https:\/\/ascensorescondal.com\/<\/a><\/p>\n<p>L&#8217;usuari disposa d&#8217;un perfil a la mateixa Xarxa Social i ha decidit unir-se a la p\u00e0gina creada per INSTAL\u00b7LACIONS ELEVADORES CONDAL SL, mostrant aix\u00ed inter\u00e8s en la informaci\u00f3 que es publiciti a la Xarxa. En unir-se a la nostra p\u00e0gina, ens facilita el seu consentiment per al tractament d&#8217;aquelles dades personals publicades al perfil.<\/p>\n<p>L&#8217;usuari pot accedir en tot moment a les pol\u00edtiques de privadesa de la pr\u00f2pia Xarxa Social, aix\u00ed com configurar el seu perfil per garantir-ne la privadesa.<\/p>\n<p>&nbsp;<\/p>\n<p>INSTAL\u00b7LACIONS ELEVADORES CONDAL SL t\u00e9 acc\u00e9s i tracta aquella informaci\u00f3 p\u00fablica de l&#8217;usuari, especialment el seu nom de contacte. Aquestes dades nom\u00e9s s\u00f3n utilitzades dins de la pr\u00f2pia Xarxa Social. No s\u00f3n incorporats a cap fitxer.<\/p>\n<p>En relaci\u00f3 amb els drets d&#8217;acc\u00e9s, rectificaci\u00f3, cancel\u00b7laci\u00f3 i oposici\u00f3, de qu\u00e8 disposeu i que poden ser exercitats davant INSTAL\u00b7LACIONS ELEVADORES CONDAL SL, d&#8217;acord amb la LOPD, heu de tenir en compte els matisos seg\u00fcents:<\/p>\n<ul>\n<li>Acc\u00e9s: Estar\u00e0 definit per la funcionalitat de la Xarxa Social i la capacitat d&#8217;acc\u00e9s a la informaci\u00f3 dels perfils dels usuaris.<\/li>\n<li>Rectificaci\u00f3: Nom\u00e9s es podr\u00e0 satisfer en relaci\u00f3 amb aquella informaci\u00f3 que es trobe sota el control d&#8217;INSTAL\u00b7LACIONS ELEVADORES CONDAL SL, per exemple, eliminar comentaris publicats a la pr\u00f2pia p\u00e0gina. Normalment, aquest dret l&#8217;haur\u00e0 d&#8217;exercir davant de la Xarxa Social.<\/li>\n<li>Cancel\u00b7laci\u00f3 i\/o Oposici\u00f3: Com en el cas anterior, nom\u00e9s es podr\u00e0 satisfer en relaci\u00f3 amb aquella informaci\u00f3 que es trobe sota el control d&#8217;INSTAL\u00b7LACIONS ELEVADORES CONDAL SL, per exemple, deixar d&#8217;estar unit al perfil.<\/li>\n<\/ul>\n<p>INSTAL\u00b7LACIONS ELEVADORES CONDAL SL realitzar\u00e0 les actuacions seg\u00fcents: Acc\u00e9s a la informaci\u00f3 p\u00fablica del perfil.<\/p>\n<p>Publicaci\u00f3 al perfil de l&#8217;usuari de tota aquella informaci\u00f3 ja publicada a la p\u00e0gina d&#8217;INSTAL\u00b7LACIONS ELEVADORES CONDAL SL.<\/p>\n<ul>\n<li>Enviar missatges personals i individuals a trav\u00e9s dels canals de la Xarxa Social. Actualitzacions de l&#8217;estat de la p\u00e0gina que es publicaran al perfil de l&#8217;usuari.<\/li>\n<li>L&#8217;usuari sempre pot controlar les connexions, eliminar els continguts que deixin d&#8217;interessar-li i restringir amb qui comparteix les connexions, per a aix\u00f2 haur\u00e0 d&#8217;accedir a la seva configuraci\u00f3 de privadesa.<\/li>\n<\/ul>\n<p>&nbsp;<\/p>\n<p><strong>Publicacions<\/strong><\/p>\n<p>L&#8217;usuari, un cop unit a la p\u00e0gina d&#8217;INSTAL\u00b7LACIONS ELEVADORES CONDAL SL, podr\u00e0 publicar en aquesta darrera comentaris, enlla\u00e7os, imatges o fotografies o qualsevol altre tipus de contingut multim\u00e8dia suportat per la Xarxa Social. L&#8217;usuari, en tots els casos, n&#8217;ha de ser el titular, gaudir dels drets d&#8217;autor i de propietat intel\u00b7lectual o comptar amb el consentiment dels tercers afectats. Es prohibeix expressament qualsevol publicaci\u00f3 a la p\u00e0gina, ja siguin textos, gr\u00e0fics, fotografies, v\u00eddeos, etc. que atemptin o siguin susceptibles d&#8217;atemptar contra la moral, l&#8217;\u00e8tica, el bon gust o el dec\u00f2rum, i\/o que infringeixin, violin o trenquin els drets de propietat intel\u00b7lectual o industrial, el dret a la imatge o la Llei. En aquests casos , INSTAL\u00b7LACIONS ELEVADORES CONDAL SL es reserva el dret a retirar immediatament el contingut, podent sol\u00b7licitar el bloqueig permanent de l&#8217;usuari.<\/p>\n<p>INSTAL\u00b7LACIONS ELEVADORES CONDAL SL no es far\u00e0 responsable dels continguts que lliurement ha publicat un usuari.<\/p>\n<p>L&#8217;usuari ha de tenir present que les seves publicacions seran conegudes pels altres usuaris, per la qual cosa ell mateix \u00e9s el principal responsable de la seva privadesa.<\/p>\n<p>Les imatges que puguin publicar-se a la p\u00e0gina no seran emmagatzemades a cap fitxer per part d&#8217;INSTAL\u00b7LACIONS ELEVADORES CONDAL SL, per\u00f2 s\u00ed que romandran a la Xarxa Social.<\/p>\n<p>&nbsp;<\/p>\n<p><strong>Concursos i promocions<\/strong><\/p>\n<p>INSTAL\u00b7LACIONS ELEVADORES CONDAL SL es reserva el dret a realitzar concursos i promocions, en qu\u00e8 podr\u00e0 participar l&#8217;usuari unit a la seva p\u00e0gina. Les bases de cadascun, quan s&#8217;utilitzi la plataforma de la Xarxa Social, seran publicades en aquesta. Complint sempre amb la LSSI-CE i amb qualsevol altra norma que li sigui aplicable.<\/p>\n<p>La Xarxa Social no patrocina, avala ni administra, de cap manera, cap de les nostres promocions, ni est\u00e0 associada a cap d&#8217;elles.<\/p>\n<p>&nbsp;<\/p>\n<p><strong>Publicitat<\/strong><\/p>\n<p>INSTAL\u00b7LACIONS ELEVADORES CONDAL SL utilitzar\u00e0 la Xarxa Social per publicitar els seus productes i serveis, en tot cas, si decideix tractar les seves dades de contacte per realitzar accions directes de prospecci\u00f3 comercial, ser\u00e0 sempre, complint amb les exig\u00e8ncies legals de la RGPD i de la LSSI- CE.<\/p>\n<p>No es considerar\u00e0 publicitat el fet de recomanar a altres usuaris la p\u00e0gina dINSTAL\u00b7LACIONS ELEVADORES CONDAL SL perqu\u00e8 tamb\u00e9 ells puguin gaudir de les promocions o estar informats de la seva activitat.<\/p>\n<p>A continuaci\u00f3 detallem l&#8217;enlla\u00e7 a la pol\u00edtica de privadesa de la Xarxa Social:<\/p>\n<ul>\n<li>Facebook: <a href=\"https:\/\/www.facebook.com\/help\/323540651073243\/\">https:\/\/www.facebook.com\/help\/323540651073243\/<\/a><\/li>\n<li>Twitter: <a href=\"https:\/\/twitter.com\/privacy\">https:\/\/twitter.com\/privacy<\/a><\/li>\n<li>Linkedin: <a href=\"http:\/\/www.linkedin.com\/legal\/privacy-policy?trk=hb_ft_priv\">http:\/\/www.linkedin.com\/legal\/privacy-policy?trk=hb_ft_pri<\/a><\/li>\n<li>Google +: <a href=\"http:\/\/www.google.com\/intl\/es\/policies\/privacy\/\">http:\/\/www.google.com\/intl\/es\/policies\/privacy\/<\/a><\/li>\n<\/ul>\n","protected":false},"excerpt":{"rendered":"<p>POL\u00cdTICA DE PRIVACITAT XARXES SOCIALS De conformitat amb all\u00f2 establert a la normativa vigent en Protecci\u00f3 de Dades de Car\u00e0cter Personal (RGPD) i la Llei 34\/2002, d&#8217;11 de juliol, de Serveis de la Societat de la Informaci\u00f3 i de Comer\u00e7 Electr\u00f2nic (LSSI-CE), INSTAL\u00b7LACIONS ELEVADORES CONDAL SL informa els usuaris, que ha procedit a crear un &hellip;<\/p>\n<p class=\"read-more\"> <a class=\"\" href=\"https:\/\/ascensorescondal.com\/ca\/politica-de-xarxes-socials\/\"> <span class=\"screen-reader-text\">POL\u00cdTICA DE XARXES SOCIALS<\/span> Llegeix m\u00e9s &raquo;<\/a><\/p>\n","protected":false},"author":1,"featured_media":0,"parent":0,"menu_order":0,"comment_status":"closed","ping_status":"closed","template":"","meta":{"site-sidebar-layout":"default","site-content-layout":"","ast-site-content-layout":"default","site-content-style":"default","site-sidebar-style":"default","ast-global-header-display":"","ast-banner-title-visibility":"","ast-main-header-display":"","ast-hfb-above-header-display":"","ast-hfb-below-header-display":"","ast-hfb-mobile-header-display":"","site-post-title":"","ast-breadcrumbs-content":"","ast-featured-img":"","footer-sml-layout":"","theme-transparent-header-meta":"default","adv-header-id-meta":"","stick-header-meta":"","header-above-stick-meta":"","header-main-stick-meta":"","header-below-stick-meta":"","astra-migrate-meta-layouts":"set","footnotes":""},"class_list":["post-431","page","type-page","status-publish","hentry"],"yoast_head":"<!-- This site is optimized with the Yoast SEO plugin v26.0 - https:\/\/yoast.com\/wordpress\/plugins\/seo\/ -->\n<title>POL\u00cdTICA DE XARXES SOCIALS<\/title>\n<meta name=\"description\" content=\"POL\u00cdTICA DE PRIVACITAT XARXES SOCIALS De conformitat amb all\u00f2 establert a la normativa vigent en Protecci\u00f3 de Dades de Car\u00e0cter Personal (RGPD) i la Llei\" \/>\n<meta name=\"robots\" content=\"noindex, nofollow\" \/>\n<meta property=\"og:locale\" content=\"ca_ES\" \/>\n<meta property=\"og:type\" content=\"article\" \/>\n<meta property=\"og:title\" content=\"POL\u00cdTICA DE XARXES SOCIALS\" \/>\n<meta property=\"og:description\" content=\"POL\u00cdTICA DE PRIVACITAT XARXES SOCIALS De conformitat amb all\u00f2 establert a la normativa vigent en Protecci\u00f3 de Dades de Car\u00e0cter Personal (RGPD) i la Llei\" \/>\n<meta property=\"og:url\" content=\"https:\/\/ascensorescondal.com\/ca\/politica-de-xarxes-socials\/\" \/>\n<meta property=\"article:modified_time\" content=\"2024-05-20T08:17:28+00:00\" \/>\n<meta name=\"twitter:card\" content=\"summary_large_image\" \/>\n<meta name=\"twitter:label1\" content=\"Temps estimat de lectura\" \/>\n\t<meta name=\"twitter:data1\" content=\"5 minuts\" \/>\n<script type=\"application\/ld+json\" class=\"yoast-schema-graph\">{\"@context\":\"https:\/\/schema.org\",\"@graph\":[{\"@type\":\"WebPage\",\"@id\":\"https:\/\/ascensorescondal.com\/ca\/politica-de-xarxes-socials\/\",\"url\":\"https:\/\/ascensorescondal.com\/ca\/politica-de-xarxes-socials\/\",\"name\":\"POL\u00cdTICA DE XARXES SOCIALS\",\"isPartOf\":{\"@id\":\"https:\/\/ascensorescondal.com\/ca\/#website\"},\"datePublished\":\"2018-05-28T14:59:51+00:00\",\"dateModified\":\"2024-05-20T08:17:28+00:00\",\"description\":\"POL\u00cdTICA DE PRIVACITAT XARXES SOCIALS De conformitat amb all\u00f2 establert a la normativa vigent en Protecci\u00f3 de Dades de Car\u00e0cter Personal (RGPD) i la Llei\",\"breadcrumb\":{\"@id\":\"https:\/\/ascensorescondal.com\/ca\/politica-de-xarxes-socials\/#breadcrumb\"},\"inLanguage\":\"ca\",\"potentialAction\":[{\"@type\":\"ReadAction\",\"target\":[\"https:\/\/ascensorescondal.com\/ca\/politica-de-xarxes-socials\/\"]}]},{\"@type\":\"BreadcrumbList\",\"@id\":\"https:\/\/ascensorescondal.com\/ca\/politica-de-xarxes-socials\/#breadcrumb\",\"itemListElement\":[{\"@type\":\"ListItem\",\"position\":1,\"name\":\"Portada\",\"item\":\"https:\/\/ascensorescondal.com\/ca\/\"},{\"@type\":\"ListItem\",\"position\":2,\"name\":\"POL\u00cdTICA DE XARXES SOCIALS\"}]},{\"@type\":\"WebSite\",\"@id\":\"https:\/\/ascensorescondal.com\/ca\/#website\",\"url\":\"https:\/\/ascensorescondal.com\/ca\/\",\"name\":\"\",\"description\":\"\",\"potentialAction\":[{\"@type\":\"SearchAction\",\"target\":{\"@type\":\"EntryPoint\",\"urlTemplate\":\"https:\/\/ascensorescondal.com\/ca\/?s={search_term_string}\"},\"query-input\":{\"@type\":\"PropertyValueSpecification\",\"valueRequired\":true,\"valueName\":\"search_term_string\"}}],\"inLanguage\":\"ca\"}]}<\/script>\n<!-- \/ Yoast SEO plugin. -->","yoast_head_json":{"title":"POL\u00cdTICA DE XARXES SOCIALS","description":"POL\u00cdTICA DE PRIVACITAT XARXES SOCIALS De conformitat amb all\u00f2 establert a la normativa vigent en Protecci\u00f3 de Dades de Car\u00e0cter Personal (RGPD) i la Llei","robots":{"index":"noindex","follow":"nofollow"},"og_locale":"ca_ES","og_type":"article","og_title":"POL\u00cdTICA DE XARXES SOCIALS","og_description":"POL\u00cdTICA DE PRIVACITAT XARXES SOCIALS De conformitat amb all\u00f2 establert a la normativa vigent en Protecci\u00f3 de Dades de Car\u00e0cter Personal (RGPD) i la Llei","og_url":"https:\/\/ascensorescondal.com\/ca\/politica-de-xarxes-socials\/","article_modified_time":"2024-05-20T08:17:28+00:00","twitter_card":"summary_large_image","twitter_misc":{"Temps estimat de lectura":"5 minuts"},"schema":{"@context":"https:\/\/schema.org","@graph":[{"@type":"WebPage","@id":"https:\/\/ascensorescondal.com\/ca\/politica-de-xarxes-socials\/","url":"https:\/\/ascensorescondal.com\/ca\/politica-de-xarxes-socials\/","name":"POL\u00cdTICA DE XARXES SOCIALS","isPartOf":{"@id":"https:\/\/ascensorescondal.com\/ca\/#website"},"datePublished":"2018-05-28T14:59:51+00:00","dateModified":"2024-05-20T08:17:28+00:00","description":"POL\u00cdTICA DE PRIVACITAT XARXES SOCIALS De conformitat amb all\u00f2 establert a la normativa vigent en Protecci\u00f3 de Dades de Car\u00e0cter Personal (RGPD) i la Llei","breadcrumb":{"@id":"https:\/\/ascensorescondal.com\/ca\/politica-de-xarxes-socials\/#breadcrumb"},"inLanguage":"ca","potentialAction":[{"@type":"ReadAction","target":["https:\/\/ascensorescondal.com\/ca\/politica-de-xarxes-socials\/"]}]},{"@type":"BreadcrumbList","@id":"https:\/\/ascensorescondal.com\/ca\/politica-de-xarxes-socials\/#breadcrumb","itemListElement":[{"@type":"ListItem","position":1,"name":"Portada","item":"https:\/\/ascensorescondal.com\/ca\/"},{"@type":"ListItem","position":2,"name":"POL\u00cdTICA DE XARXES SOCIALS"}]},{"@type":"WebSite","@id":"https:\/\/ascensorescondal.com\/ca\/#website","url":"https:\/\/ascensorescondal.com\/ca\/","name":"","description":"","potentialAction":[{"@type":"SearchAction","target":{"@type":"EntryPoint","urlTemplate":"https:\/\/ascensorescondal.com\/ca\/?s={search_term_string}"},"query-input":{"@type":"PropertyValueSpecification","valueRequired":true,"valueName":"search_term_string"}}],"inLanguage":"ca"}]}},"_links":{"self":[{"href":"https:\/\/ascensorescondal.com\/ca\/wp-json\/wp\/v2\/pages\/431","targetHints":{"allow":["GET"]}}],"collection":[{"href":"https:\/\/ascensorescondal.com\/ca\/wp-json\/wp\/v2\/pages"}],"about":[{"href":"https:\/\/ascensorescondal.com\/ca\/wp-json\/wp\/v2\/types\/page"}],"author":[{"embeddable":true,"href":"https:\/\/ascensorescondal.com\/ca\/wp-json\/wp\/v2\/users\/1"}],"replies":[{"embeddable":true,"href":"https:\/\/ascensorescondal.com\/ca\/wp-json\/wp\/v2\/comments?post=431"}],"version-history":[{"count":2,"href":"https:\/\/ascensorescondal.com\/ca\/wp-json\/wp\/v2\/pages\/431\/revisions"}],"predecessor-version":[{"id":1643,"href":"https:\/\/ascensorescondal.com\/ca\/wp-json\/wp\/v2\/pages\/431\/revisions\/1643"}],"wp:attachment":[{"href":"https:\/\/ascensorescondal.com\/ca\/wp-json\/wp\/v2\/media?parent=431"}],"curies":[{"name":"wp","href":"https:\/\/api.w.org\/{rel}","templated":true}]}}