{"id":161,"date":"2023-12-15T16:53:03","date_gmt":"2023-12-15T15:53:03","guid":{"rendered":"https:\/\/ascensorescondal.com\/?page_id=161"},"modified":"2024-05-20T13:55:14","modified_gmt":"2024-05-20T11:55:14","slug":"cadires-puja-escales","status":"publish","type":"page","link":"https:\/\/ascensorescondal.com\/ca\/cadires-puja-escales\/","title":{"rendered":"Cadires puja escales"},"content":{"rendered":"\t\t<div data-elementor-type=\"wp-page\" data-elementor-id=\"161\" class=\"elementor elementor-161\" data-elementor-post-type=\"page\">\n\t\t\t\t\t\t<section class=\"elementor-section elementor-top-section elementor-element elementor-element-2e9c5ec7 elementor-section-boxed elementor-section-height-default elementor-section-height-default\" data-id=\"2e9c5ec7\" data-element_type=\"section\" data-settings=\"{&quot;background_background&quot;:&quot;classic&quot;}\">\n\t\t\t\t\t\t\t<div class=\"elementor-background-overlay\"><\/div>\n\t\t\t\t\t\t\t<div class=\"elementor-container elementor-column-gap-default\">\n\t\t\t\t\t<div class=\"elementor-column elementor-col-100 elementor-top-column elementor-element elementor-element-25a933b2\" data-id=\"25a933b2\" data-element_type=\"column\">\n\t\t\t<div class=\"elementor-widget-wrap elementor-element-populated\">\n\t\t\t\t\t\t<div class=\"elementor-element elementor-element-7d0f3d06 elementor-widget elementor-widget-heading\" data-id=\"7d0f3d06\" data-element_type=\"widget\" data-widget_type=\"heading.default\">\n\t\t\t\t<div class=\"elementor-widget-container\">\n\t\t\t<style>\/*! elementor - v3.20.0 - 26-03-2024 *\/\n.elementor-heading-title{padding:0;margin:0;line-height:1}.elementor-widget-heading .elementor-heading-title[class*=elementor-size-]>a{color:inherit;font-size:inherit;line-height:inherit}.elementor-widget-heading .elementor-heading-title.elementor-size-small{font-size:15px}.elementor-widget-heading .elementor-heading-title.elementor-size-medium{font-size:19px}.elementor-widget-heading .elementor-heading-title.elementor-size-large{font-size:29px}.elementor-widget-heading .elementor-heading-title.elementor-size-xl{font-size:39px}.elementor-widget-heading .elementor-heading-title.elementor-size-xxl{font-size:59px}<\/style><h1 class=\"elementor-heading-title elementor-size-default\">Cadires pujaescales<\/h1>\t\t<\/div>\n\t\t\t\t<\/div>\n\t\t\t\t\t<\/div>\n\t\t<\/div>\n\t\t\t\t\t<\/div>\n\t\t<\/section>\n\t\t\t\t<section class=\"elementor-section elementor-top-section elementor-element elementor-element-14eb36d8 elementor-section-boxed elementor-section-height-default elementor-section-height-default\" data-id=\"14eb36d8\" data-element_type=\"section\">\n\t\t\t\t\t\t<div class=\"elementor-container elementor-column-gap-wide\">\n\t\t\t\t\t<div class=\"elementor-column elementor-col-100 elementor-top-column elementor-element elementor-element-5b081e3f\" data-id=\"5b081e3f\" data-element_type=\"column\">\n\t\t\t<div class=\"elementor-widget-wrap elementor-element-populated\">\n\t\t\t\t\t\t<div class=\"elementor-element elementor-element-6722c25 elementor-widget elementor-widget-text-editor\" data-id=\"6722c25\" data-element_type=\"widget\" data-widget_type=\"text-editor.default\">\n\t\t\t\t<div class=\"elementor-widget-container\">\n\t\t\t<style>\/*! elementor - v3.20.0 - 26-03-2024 *\/\n.elementor-widget-text-editor.elementor-drop-cap-view-stacked .elementor-drop-cap{background-color:#69727d;color:#fff}.elementor-widget-text-editor.elementor-drop-cap-view-framed .elementor-drop-cap{color:#69727d;border:3px solid;background-color:transparent}.elementor-widget-text-editor:not(.elementor-drop-cap-view-default) .elementor-drop-cap{margin-top:8px}.elementor-widget-text-editor:not(.elementor-drop-cap-view-default) .elementor-drop-cap-letter{width:1em;height:1em}.elementor-widget-text-editor .elementor-drop-cap{float:left;text-align:center;line-height:1;font-size:50px}.elementor-widget-text-editor .elementor-drop-cap-letter{display:inline-block}<\/style>\t\t\t\tA Ascensors Euro Condal estem especialitzats en la instal\u00b7laci\u00f3 de dispositius d&#8217;elevaci\u00f3 per a minusv\u00e0lids i persones amb dificultats de mobilitat.\n\nLa nostra empresa proporciona un servei global que compr\u00e8n des de la instal\u00b7laci\u00f3 del dispositiu fins a la posterior tasca de manteniment peri\u00f2dic. <b>Actuem tant en casos de\u00a0<a href=\"\/ca\/modernitzacio\/\">modernitzaci\u00f3<\/a>\u00a0i\u00a0<a href=\"\/ca\/ascensors-edificis-antics\/ \">rehabilitaci\u00f3<\/a>\u00a0com d&#8217;obra nova<\/b>. Aix\u00ed mateix, la nostra especialitzaci\u00f3 en mecanismes d&#8217;elevaci\u00f3 per a minusv\u00e0lids i el nostre ferri comprom\u00eds per oferir sempre una soluci\u00f3 a mida per a cada usuari ens ha portat a disposar d&#8217;una gran varietat de productes: <b>cadires puja escales<\/b>, ascensors per a minusv\u00e0lids , plataformes pujaescales i elevadors verticals.\t\t\t\t\t\t<\/div>\n\t\t\t\t<\/div>\n\t\t\t\t<section class=\"elementor-section elementor-inner-section elementor-element elementor-element-6fed1bfe elementor-section-boxed elementor-section-height-default elementor-section-height-default\" data-id=\"6fed1bfe\" data-element_type=\"section\">\n\t\t\t\t\t\t<div class=\"elementor-container elementor-column-gap-default\">\n\t\t\t\t\t<div class=\"elementor-column elementor-col-50 elementor-inner-column elementor-element elementor-element-372b3d7b\" data-id=\"372b3d7b\" data-element_type=\"column\">\n\t\t\t<div class=\"elementor-widget-wrap elementor-element-populated\">\n\t\t\t\t\t\t<div class=\"elementor-element elementor-element-77dbe6fe elementor-widget elementor-widget-text-editor\" data-id=\"77dbe6fe\" data-element_type=\"widget\" data-widget_type=\"text-editor.default\">\n\t\t\t\t<div class=\"elementor-widget-container\">\n\t\t\t\t\t\t\tUna cadira salvaescales<\/b> \u00e9s l&#8217;alternativa perfecta per a aquells casos en qu\u00e8 no sigui possible instal\u00b7lar un ascensor. L\u201festructura arquitect\u00f2nica d\u201fun habitatge o un edifici pot ocasionar aquest problema en concret. De la mateixa manera, el pressupost pot fer que ens decantem per una opci\u00f3 m\u00e9s econ\u00f2mica com ara una cadira o una plataforma salvaescales.\n\n<b>Aquests dispositius s\u00f3n idonis per superar qualsevol mena de barrera arquitect\u00f2nica<\/b>\u00a0com, per exemple, les escales d&#8217;una comunitat de propietaris o fins i tot les del nostre propi habitatge en cas que visquem, per exemple, en un d\u00faplex o un xalet.\n\nL&#8217;\u00fanica difer\u00e8ncia ressenyable entre les cadires i les plataformes salvaescales \u00e9s que mentre que els segons doten de m\u00e9s llibertat de mobilitat i llibertat les persones que depenen d&#8217;una cadira de rodes, els primers estan m\u00e9s aviat dirigits a ciutadans amb problemes de mobilitat en general<\/b> com, per exemple, persones grans a qui els suposa un gran esfor\u00e7 pujar o baixar les escales de la seva pr\u00f2pia llar.\t\t\t\t\t\t<\/div>\n\t\t\t\t<\/div>\n\t\t\t\t\t<\/div>\n\t\t<\/div>\n\t\t\t\t<div class=\"elementor-column elementor-col-50 elementor-inner-column elementor-element elementor-element-bc0b1ba\" data-id=\"bc0b1ba\" data-element_type=\"column\">\n\t\t\t<div class=\"elementor-widget-wrap elementor-element-populated\">\n\t\t\t\t\t\t<div class=\"elementor-element elementor-element-28313f2e elementor-widget elementor-widget-image\" data-id=\"28313f2e\" data-element_type=\"widget\" data-widget_type=\"image.default\">\n\t\t\t\t<div class=\"elementor-widget-container\">\n\t\t\t<style>\/*! elementor - v3.20.0 - 26-03-2024 *\/\n.elementor-widget-image{text-align:center}.elementor-widget-image a{display:inline-block}.elementor-widget-image a img[src$=\".svg\"]{width:48px}.elementor-widget-image img{vertical-align:middle;display:inline-block}<\/style>\t\t\t\t\t\t\t\t\t\t<img fetchpriority=\"high\" decoding=\"async\" width=\"471\" height=\"392\" src=\"https:\/\/ascensorescondal.com\/ca\/wp-content\/uploads\/2023\/12\/silla-salvaescaleras.jpg\" class=\"attachment-large size-large wp-image-164\" alt=\"silla salvaescaleras\" srcset=\"https:\/\/ascensorescondal.com\/ca\/wp-content\/uploads\/2023\/12\/silla-salvaescaleras.jpg 471w, https:\/\/ascensorescondal.com\/ca\/wp-content\/uploads\/2023\/12\/silla-salvaescaleras-300x250.jpg 300w\" sizes=\"(max-width: 471px) 100vw, 471px\" \/>\t\t\t\t\t\t\t\t\t\t\t\t\t<\/div>\n\t\t\t\t<\/div>\n\t\t\t\t\t<\/div>\n\t\t<\/div>\n\t\t\t\t\t<\/div>\n\t\t<\/section>\n\t\t\t\t<div class=\"elementor-element elementor-element-53b55017 elementor-widget elementor-widget-text-editor\" data-id=\"53b55017\" data-element_type=\"widget\" data-widget_type=\"text-editor.default\">\n\t\t\t\t<div class=\"elementor-widget-container\">\n\t\t\t\t\t\t\tM\u00e9s enll\u00e0 d&#8217;aix\u00f2, el seu objectiu \u00e9s exactament el mateix que qualsevol altre dispositiu d&#8217;aquesta classe: augmentar la qualitat de vida dels usuaris.\n\nA Ascensors Euro Condal instal\u00b7lem\u00a0<b>cadires salva escales a Barcelona<\/b>, Tarragona i Girona. A m\u00e9s a m\u00e9s, disposem d&#8217;unes grans oportunitats de finan\u00e7ament. \u00c9s a dir, no nom\u00e9s proporcionem tota mena de facilitats per fer front al pagament dels nostres productes, sin\u00f3 que\u00a0<b>ens adaptem a qualsevol pressupost<\/b>.\t\t\t\t\t\t<\/div>\n\t\t\t\t<\/div>\n\t\t\t\t\t<\/div>\n\t\t<\/div>\n\t\t\t\t\t<\/div>\n\t\t<\/section>\n\t\t\t\t<section class=\"elementor-section elementor-top-section elementor-element elementor-element-714aaad1 elementor-section-content-middle elementor-section-boxed elementor-section-height-default elementor-section-height-default\" data-id=\"714aaad1\" data-element_type=\"section\" data-settings=\"{&quot;background_background&quot;:&quot;classic&quot;}\">\n\t\t\t\t\t\t<div class=\"elementor-container elementor-column-gap-default\">\n\t\t\t\t\t<div class=\"elementor-column elementor-col-100 elementor-top-column elementor-element elementor-element-14042160\" data-id=\"14042160\" data-element_type=\"column\">\n\t\t\t<div class=\"elementor-widget-wrap elementor-element-populated\">\n\t\t\t\t\t\t<div class=\"elementor-element elementor-element-b7579e7 elementor-widget elementor-widget-heading\" data-id=\"b7579e7\" data-element_type=\"widget\" data-widget_type=\"heading.default\">\n\t\t\t\t<div class=\"elementor-widget-container\">\n\t\t\t<h2 class=\"elementor-heading-title elementor-size-default\">Cadires puja escales Barcelona<\/h2>\t\t<\/div>\n\t\t\t\t<\/div>\n\t\t\t\t<div class=\"elementor-element elementor-element-411ac6ef elementor-widget elementor-widget-text-editor\" data-id=\"411ac6ef\" data-element_type=\"widget\" data-widget_type=\"text-editor.default\">\n\t\t\t\t<div class=\"elementor-widget-container\">\n\t\t\t\t\t\t\t<p>Si voleu obtenir m\u00e9s informaci\u00f3 sobre aquests dispositius o voleu un pressupost que us ajudi a orientar-vos sobre el preu que tindria instal\u00b7lar una <strong>cadira puja escales a Tarragona<\/strong> no dubteu a trucar-nos.<\/p><p>La nostra empresa mant\u00e9 un ferri comprom\u00eds per la seguretat i satisfacci\u00f3 de tots els nostres clients, per la qual cosa nom\u00e9s treballem amb els millors materials, aquells que han superat tots els est\u00e0ndards de qualitat imposats per la UE.<\/p><p>A dia d&#8217;avui hem instal\u00b7lat m\u00e9s de cent ascensors per a minusv\u00e0lids, elevadors verticals, cadires i <strong>plataformes pujaescales a Tarragona<\/strong>, Barcelona i Girona. Experi\u00e8ncia, per tant, no ens manca. I la satisfacci\u00f3 de milers de clients ho diuen tot sobre la qualitat del nostre servei.<\/p>\t\t\t\t\t\t<\/div>\n\t\t\t\t<\/div>\n\t\t\t\t\t<\/div>\n\t\t<\/div>\n\t\t\t\t\t<\/div>\n\t\t<\/section>\n\t\t\t\t<section class=\"elementor-section elementor-top-section elementor-element elementor-element-4b5aa3a8 elementor-section-content-middle elementor-section-boxed elementor-section-height-default elementor-section-height-default\" data-id=\"4b5aa3a8\" data-element_type=\"section\" data-settings=\"{&quot;background_background&quot;:&quot;classic&quot;}\">\n\t\t\t\t\t\t\t<div class=\"elementor-background-overlay\"><\/div>\n\t\t\t\t\t\t\t<div class=\"elementor-container elementor-column-gap-default\">\n\t\t\t\t\t<div class=\"elementor-column elementor-col-50 elementor-top-column elementor-element elementor-element-19c1a858\" data-id=\"19c1a858\" data-element_type=\"column\">\n\t\t\t<div class=\"elementor-widget-wrap elementor-element-populated\">\n\t\t\t\t\t\t<div class=\"elementor-element elementor-element-7096c0f8 elementor-widget elementor-widget-heading\" data-id=\"7096c0f8\" data-element_type=\"widget\" data-widget_type=\"heading.default\">\n\t\t\t\t<div class=\"elementor-widget-container\">\n\t\t\t<p class=\"elementor-heading-title elementor-size-default\">ASCENSORES CONDAL<\/p>\t\t<\/div>\n\t\t\t\t<\/div>\n\t\t\t\t<div class=\"elementor-element elementor-element-6928acfb elementor-widget elementor-widget-heading\" data-id=\"6928acfb\" data-element_type=\"widget\" data-widget_type=\"heading.default\">\n\t\t\t\t<div class=\"elementor-widget-container\">\n\t\t\t<h3 class=\"elementor-heading-title elementor-size-default\">instal\u00b7lem el teu elevador unifamiliar<\/h3>\t\t<\/div>\n\t\t\t\t<\/div>\n\t\t\t\t\t<\/div>\n\t\t<\/div>\n\t\t\t\t<div class=\"elementor-column elementor-col-50 elementor-top-column elementor-element elementor-element-3771804f\" data-id=\"3771804f\" data-element_type=\"column\" data-settings=\"{&quot;background_background&quot;:&quot;classic&quot;}\">\n\t\t\t<div class=\"elementor-widget-wrap elementor-element-populated\">\n\t\t\t\t\t\t<section class=\"elementor-section elementor-inner-section elementor-element elementor-element-40079150 elementor-section-boxed elementor-section-height-default elementor-section-height-default\" data-id=\"40079150\" data-element_type=\"section\" data-settings=\"{&quot;background_background&quot;:&quot;classic&quot;}\">\n\t\t\t\t\t\t<div class=\"elementor-container elementor-column-gap-default\">\n\t\t\t\t\t<div class=\"elementor-column elementor-col-50 elementor-inner-column elementor-element elementor-element-412542d0\" data-id=\"412542d0\" data-element_type=\"column\">\n\t\t\t<div class=\"elementor-widget-wrap elementor-element-populated\">\n\t\t\t\t\t\t<div class=\"elementor-element elementor-element-4f800963 elementor-view-stacked elementor-position-left elementor-mobile-position-left elementor-shape-circle elementor-vertical-align-top elementor-widget elementor-widget-icon-box\" data-id=\"4f800963\" data-element_type=\"widget\" data-widget_type=\"icon-box.default\">\n\t\t\t\t<div class=\"elementor-widget-container\">\n\t\t\t<link rel=\"stylesheet\" href=\"https:\/\/ascensorescondal.com\/ca\/wp-content\/plugins\/elementor\/assets\/css\/widget-icon-box.min.css\">\t\t<div class=\"elementor-icon-box-wrapper\">\n\t\t\t\t\t\t<div class=\"elementor-icon-box-icon\">\n\t\t\t\t<a href=\"mailto:info@ascensorescondal.com\" class=\"elementor-icon elementor-animation-\" tabindex=\"-1\">\n\t\t\t\t<i aria-hidden=\"true\" class=\"far fa-envelope\"><\/i>\t\t\t\t<\/a>\n\t\t\t<\/div>\n\t\t\t\t\t\t<div class=\"elementor-icon-box-content\">\n\t\t\t\t<span class=\"elementor-icon-box-title\">\n\t\t\t\t\t<a href=\"mailto:info@ascensorescondal.com\" >\n\t\t\t\t\t\tEscriu-nos al mail\t\t\t\t\t<\/a>\n\t\t\t\t<\/span>\n\t\t\t\t\t\t\t\t\t<p class=\"elementor-icon-box-description\">\n\t\t\t\t\t\tinfo@ascensorescondal.com\t\t\t\t\t<\/p>\n\t\t\t\t\t\t\t<\/div>\n\t\t<\/div>\n\t\t\t\t<\/div>\n\t\t\t\t<\/div>\n\t\t\t\t\t<\/div>\n\t\t<\/div>\n\t\t\t\t<div class=\"elementor-column elementor-col-50 elementor-inner-column elementor-element elementor-element-59b8d2ba\" data-id=\"59b8d2ba\" data-element_type=\"column\">\n\t\t\t<div class=\"elementor-widget-wrap elementor-element-populated\">\n\t\t\t\t\t\t<div class=\"elementor-element elementor-element-43969280 elementor-view-stacked elementor-position-left elementor-mobile-position-left elementor-shape-circle elementor-vertical-align-top elementor-widget elementor-widget-icon-box\" data-id=\"43969280\" data-element_type=\"widget\" data-widget_type=\"icon-box.default\">\n\t\t\t\t<div class=\"elementor-widget-container\">\n\t\t\t\t\t<div class=\"elementor-icon-box-wrapper\">\n\t\t\t\t\t\t<div class=\"elementor-icon-box-icon\">\n\t\t\t\t<a href=\"tel:+34%20934617840\" class=\"elementor-icon elementor-animation-\" tabindex=\"-1\">\n\t\t\t\t<i aria-hidden=\"true\" class=\"fas fa-phone-alt\"><\/i>\t\t\t\t<\/a>\n\t\t\t<\/div>\n\t\t\t\t\t\t<div class=\"elementor-icon-box-content\">\n\t\t\t\t<span class=\"elementor-icon-box-title\">\n\t\t\t\t\t<a href=\"tel:+34%20934617840\" >\n\t\t\t\t\t\tTruca'ns al \t\t\t\t\t<\/a>\n\t\t\t\t<\/span>\n\t\t\t\t\t\t\t\t\t<p class=\"elementor-icon-box-description\">\n\t\t\t\t\t\t+34 934 61 78 40\t\t\t\t\t<\/p>\n\t\t\t\t\t\t\t<\/div>\n\t\t<\/div>\n\t\t\t\t<\/div>\n\t\t\t\t<\/div>\n\t\t\t\t\t<\/div>\n\t\t<\/div>\n\t\t\t\t\t<\/div>\n\t\t<\/section>\n\t\t\t\t\t<\/div>\n\t\t<\/div>\n\t\t\t\t\t<\/div>\n\t\t<\/section>\n\t\t\t\t<\/div>\n\t\t","protected":false},"excerpt":{"rendered":"<p>Cadires pujaescales A Ascensors Euro Condal estem especialitzats en la instal\u00b7laci\u00f3 de dispositius d&#8217;elevaci\u00f3 per a minusv\u00e0lids i persones amb dificultats de mobilitat. La nostra empresa proporciona un servei global que compr\u00e8n des de la instal\u00b7laci\u00f3 del dispositiu fins a la posterior tasca de manteniment peri\u00f2dic. Actuem tant en casos de\u00a0modernitzaci\u00f3\u00a0i\u00a0rehabilitaci\u00f3\u00a0com d&#8217;obra nova. Aix\u00ed mateix, &hellip;<\/p>\n<p class=\"read-more\"> <a class=\"\" href=\"https:\/\/ascensorescondal.com\/ca\/cadires-puja-escales\/\"> <span class=\"screen-reader-text\">Cadires puja escales<\/span> Llegeix m\u00e9s &raquo;<\/a><\/p>\n","protected":false},"author":1,"featured_media":0,"parent":0,"menu_order":0,"comment_status":"closed","ping_status":"closed","template":"","meta":{"site-sidebar-layout":"no-sidebar","site-content-layout":"","ast-site-content-layout":"full-width-container","site-content-style":"default","site-sidebar-style":"default","ast-global-header-display":"","ast-banner-title-visibility":"","ast-main-header-display":"","ast-hfb-above-header-display":"","ast-hfb-below-header-display":"","ast-hfb-mobile-header-display":"","site-post-title":"disabled","ast-breadcrumbs-content":"","ast-featured-img":"disabled","footer-sml-layout":"","theme-transparent-header-meta":"default","adv-header-id-meta":"","stick-header-meta":"","header-above-stick-meta":"","header-main-stick-meta":"","header-below-stick-meta":"","astra-migrate-meta-layouts":"set","footnotes":""},"class_list":["post-161","page","type-page","status-publish","hentry"],"yoast_head":"<!-- This site is optimized with the Yoast SEO plugin v26.0 - https:\/\/yoast.com\/wordpress\/plugins\/seo\/ -->\n<title>Cadires pujaescales Barcelona. Cadires puja escales<\/title>\n<meta name=\"description\" content=\"ASCENSORS CONDAL. Cadires puja escales i pujaescales a Barcelona. Plataformes per a la mobilitat redu\u00efda\" \/>\n<meta name=\"robots\" content=\"index, follow, max-snippet:-1, max-image-preview:large, max-video-preview:-1\" \/>\n<link rel=\"canonical\" href=\"https:\/\/ascensorescondal.com\/ca\/cadires-puja-escales\/\" \/>\n<meta property=\"og:locale\" content=\"ca_ES\" \/>\n<meta property=\"og:type\" content=\"article\" \/>\n<meta property=\"og:title\" content=\"Cadires pujaescales Barcelona. Cadires puja escales\" \/>\n<meta property=\"og:description\" content=\"ASCENSORS CONDAL. Cadires puja escales i pujaescales a Barcelona. Plataformes per a la mobilitat redu\u00efda\" \/>\n<meta property=\"og:url\" content=\"https:\/\/ascensorescondal.com\/ca\/cadires-puja-escales\/\" \/>\n<meta property=\"article:modified_time\" content=\"2024-05-20T11:55:14+00:00\" \/>\n<meta property=\"og:image\" content=\"https:\/\/ascensorescondal.com\/ca\/wp-content\/uploads\/2023\/12\/silla-salvaescaleras.jpg\" \/>\n<meta name=\"twitter:card\" content=\"summary_large_image\" \/>\n<meta name=\"twitter:label1\" content=\"Temps estimat de lectura\" \/>\n\t<meta name=\"twitter:data1\" content=\"3 minuts\" \/>\n<script type=\"application\/ld+json\" class=\"yoast-schema-graph\">{\"@context\":\"https:\/\/schema.org\",\"@graph\":[{\"@type\":\"WebPage\",\"@id\":\"https:\/\/ascensorescondal.com\/ca\/cadires-puja-escales\/\",\"url\":\"https:\/\/ascensorescondal.com\/ca\/cadires-puja-escales\/\",\"name\":\"Cadires pujaescales Barcelona. Cadires puja escales\",\"isPartOf\":{\"@id\":\"https:\/\/ascensorescondal.com\/ca\/#website\"},\"primaryImageOfPage\":{\"@id\":\"https:\/\/ascensorescondal.com\/ca\/cadires-puja-escales\/#primaryimage\"},\"image\":{\"@id\":\"https:\/\/ascensorescondal.com\/ca\/cadires-puja-escales\/#primaryimage\"},\"thumbnailUrl\":\"https:\/\/ascensorescondal.com\/ca\/wp-content\/uploads\/2023\/12\/silla-salvaescaleras.jpg\",\"datePublished\":\"2023-12-15T15:53:03+00:00\",\"dateModified\":\"2024-05-20T11:55:14+00:00\",\"description\":\"ASCENSORS CONDAL. Cadires puja escales i pujaescales a Barcelona. Plataformes per a la mobilitat redu\u00efda\",\"breadcrumb\":{\"@id\":\"https:\/\/ascensorescondal.com\/ca\/cadires-puja-escales\/#breadcrumb\"},\"inLanguage\":\"ca\",\"potentialAction\":[{\"@type\":\"ReadAction\",\"target\":[\"https:\/\/ascensorescondal.com\/ca\/cadires-puja-escales\/\"]}]},{\"@type\":\"ImageObject\",\"inLanguage\":\"ca\",\"@id\":\"https:\/\/ascensorescondal.com\/ca\/cadires-puja-escales\/#primaryimage\",\"url\":\"https:\/\/ascensorescondal.com\/ca\/wp-content\/uploads\/2023\/12\/silla-salvaescaleras.jpg\",\"contentUrl\":\"https:\/\/ascensorescondal.com\/ca\/wp-content\/uploads\/2023\/12\/silla-salvaescaleras.jpg\",\"width\":471,\"height\":392,\"caption\":\"silla salvaescaleras\"},{\"@type\":\"BreadcrumbList\",\"@id\":\"https:\/\/ascensorescondal.com\/ca\/cadires-puja-escales\/#breadcrumb\",\"itemListElement\":[{\"@type\":\"ListItem\",\"position\":1,\"name\":\"Portada\",\"item\":\"https:\/\/ascensorescondal.com\/ca\/\"},{\"@type\":\"ListItem\",\"position\":2,\"name\":\"Cadires puja escales\"}]},{\"@type\":\"WebSite\",\"@id\":\"https:\/\/ascensorescondal.com\/ca\/#website\",\"url\":\"https:\/\/ascensorescondal.com\/ca\/\",\"name\":\"\",\"description\":\"\",\"potentialAction\":[{\"@type\":\"SearchAction\",\"target\":{\"@type\":\"EntryPoint\",\"urlTemplate\":\"https:\/\/ascensorescondal.com\/ca\/?s={search_term_string}\"},\"query-input\":{\"@type\":\"PropertyValueSpecification\",\"valueRequired\":true,\"valueName\":\"search_term_string\"}}],\"inLanguage\":\"ca\"}]}<\/script>\n<!-- \/ Yoast SEO plugin. -->","yoast_head_json":{"title":"Cadires pujaescales Barcelona. Cadires puja escales","description":"ASCENSORS CONDAL. Cadires puja escales i pujaescales a Barcelona. Plataformes per a la mobilitat redu\u00efda","robots":{"index":"index","follow":"follow","max-snippet":"max-snippet:-1","max-image-preview":"max-image-preview:large","max-video-preview":"max-video-preview:-1"},"canonical":"https:\/\/ascensorescondal.com\/ca\/cadires-puja-escales\/","og_locale":"ca_ES","og_type":"article","og_title":"Cadires pujaescales Barcelona. Cadires puja escales","og_description":"ASCENSORS CONDAL. Cadires puja escales i pujaescales a Barcelona. Plataformes per a la mobilitat redu\u00efda","og_url":"https:\/\/ascensorescondal.com\/ca\/cadires-puja-escales\/","article_modified_time":"2024-05-20T11:55:14+00:00","og_image":[{"url":"https:\/\/ascensorescondal.com\/ca\/wp-content\/uploads\/2023\/12\/silla-salvaescaleras.jpg","type":"","width":"","height":""}],"twitter_card":"summary_large_image","twitter_misc":{"Temps estimat de lectura":"3 minuts"},"schema":{"@context":"https:\/\/schema.org","@graph":[{"@type":"WebPage","@id":"https:\/\/ascensorescondal.com\/ca\/cadires-puja-escales\/","url":"https:\/\/ascensorescondal.com\/ca\/cadires-puja-escales\/","name":"Cadires pujaescales Barcelona. Cadires puja escales","isPartOf":{"@id":"https:\/\/ascensorescondal.com\/ca\/#website"},"primaryImageOfPage":{"@id":"https:\/\/ascensorescondal.com\/ca\/cadires-puja-escales\/#primaryimage"},"image":{"@id":"https:\/\/ascensorescondal.com\/ca\/cadires-puja-escales\/#primaryimage"},"thumbnailUrl":"https:\/\/ascensorescondal.com\/ca\/wp-content\/uploads\/2023\/12\/silla-salvaescaleras.jpg","datePublished":"2023-12-15T15:53:03+00:00","dateModified":"2024-05-20T11:55:14+00:00","description":"ASCENSORS CONDAL. Cadires puja escales i pujaescales a Barcelona. Plataformes per a la mobilitat redu\u00efda","breadcrumb":{"@id":"https:\/\/ascensorescondal.com\/ca\/cadires-puja-escales\/#breadcrumb"},"inLanguage":"ca","potentialAction":[{"@type":"ReadAction","target":["https:\/\/ascensorescondal.com\/ca\/cadires-puja-escales\/"]}]},{"@type":"ImageObject","inLanguage":"ca","@id":"https:\/\/ascensorescondal.com\/ca\/cadires-puja-escales\/#primaryimage","url":"https:\/\/ascensorescondal.com\/ca\/wp-content\/uploads\/2023\/12\/silla-salvaescaleras.jpg","contentUrl":"https:\/\/ascensorescondal.com\/ca\/wp-content\/uploads\/2023\/12\/silla-salvaescaleras.jpg","width":471,"height":392,"caption":"silla salvaescaleras"},{"@type":"BreadcrumbList","@id":"https:\/\/ascensorescondal.com\/ca\/cadires-puja-escales\/#breadcrumb","itemListElement":[{"@type":"ListItem","position":1,"name":"Portada","item":"https:\/\/ascensorescondal.com\/ca\/"},{"@type":"ListItem","position":2,"name":"Cadires puja escales"}]},{"@type":"WebSite","@id":"https:\/\/ascensorescondal.com\/ca\/#website","url":"https:\/\/ascensorescondal.com\/ca\/","name":"","description":"","potentialAction":[{"@type":"SearchAction","target":{"@type":"EntryPoint","urlTemplate":"https:\/\/ascensorescondal.com\/ca\/?s={search_term_string}"},"query-input":{"@type":"PropertyValueSpecification","valueRequired":true,"valueName":"search_term_string"}}],"inLanguage":"ca"}]}},"_links":{"self":[{"href":"https:\/\/ascensorescondal.com\/ca\/wp-json\/wp\/v2\/pages\/161","targetHints":{"allow":["GET"]}}],"collection":[{"href":"https:\/\/ascensorescondal.com\/ca\/wp-json\/wp\/v2\/pages"}],"about":[{"href":"https:\/\/ascensorescondal.com\/ca\/wp-json\/wp\/v2\/types\/page"}],"author":[{"embeddable":true,"href":"https:\/\/ascensorescondal.com\/ca\/wp-json\/wp\/v2\/users\/1"}],"replies":[{"embeddable":true,"href":"https:\/\/ascensorescondal.com\/ca\/wp-json\/wp\/v2\/comments?post=161"}],"version-history":[{"count":15,"href":"https:\/\/ascensorescondal.com\/ca\/wp-json\/wp\/v2\/pages\/161\/revisions"}],"predecessor-version":[{"id":1679,"href":"https:\/\/ascensorescondal.com\/ca\/wp-json\/wp\/v2\/pages\/161\/revisions\/1679"}],"wp:attachment":[{"href":"https:\/\/ascensorescondal.com\/ca\/wp-json\/wp\/v2\/media?parent=161"}],"curies":[{"name":"wp","href":"https:\/\/api.w.org\/{rel}","templated":true}]}}