{"id":154,"date":"2023-12-15T16:48:26","date_gmt":"2023-12-15T15:48:26","guid":{"rendered":"https:\/\/ascensorescondal.com\/?page_id=154"},"modified":"2024-05-20T17:16:52","modified_gmt":"2024-05-20T15:16:52","slug":"ascensors-minusvalids","status":"publish","type":"page","link":"https:\/\/ascensorescondal.com\/ca\/ascensors-minusvalids\/","title":{"rendered":"Ascensors per a minusv\u00e0lids"},"content":{"rendered":"\t\t<div data-elementor-type=\"wp-page\" data-elementor-id=\"154\" class=\"elementor elementor-154\" data-elementor-post-type=\"page\">\n\t\t\t\t\t\t<section class=\"elementor-section elementor-top-section elementor-element elementor-element-69b15aa4 elementor-section-boxed elementor-section-height-default elementor-section-height-default\" data-id=\"69b15aa4\" data-element_type=\"section\" data-settings=\"{&quot;background_background&quot;:&quot;classic&quot;}\">\n\t\t\t\t\t\t\t<div class=\"elementor-background-overlay\"><\/div>\n\t\t\t\t\t\t\t<div class=\"elementor-container elementor-column-gap-default\">\n\t\t\t\t\t<div class=\"elementor-column elementor-col-100 elementor-top-column elementor-element elementor-element-6b43c90f\" data-id=\"6b43c90f\" data-element_type=\"column\">\n\t\t\t<div class=\"elementor-widget-wrap elementor-element-populated\">\n\t\t\t\t\t\t<div class=\"elementor-element elementor-element-6cf39f4f elementor-widget elementor-widget-heading\" data-id=\"6cf39f4f\" data-element_type=\"widget\" data-widget_type=\"heading.default\">\n\t\t\t\t<div class=\"elementor-widget-container\">\n\t\t\t<style>\/*! elementor - v3.20.0 - 26-03-2024 *\/\n.elementor-heading-title{padding:0;margin:0;line-height:1}.elementor-widget-heading .elementor-heading-title[class*=elementor-size-]>a{color:inherit;font-size:inherit;line-height:inherit}.elementor-widget-heading .elementor-heading-title.elementor-size-small{font-size:15px}.elementor-widget-heading .elementor-heading-title.elementor-size-medium{font-size:19px}.elementor-widget-heading .elementor-heading-title.elementor-size-large{font-size:29px}.elementor-widget-heading .elementor-heading-title.elementor-size-xl{font-size:39px}.elementor-widget-heading .elementor-heading-title.elementor-size-xxl{font-size:59px}<\/style><h1 class=\"elementor-heading-title elementor-size-default\">Ascensors per a minusv\u00e0lids<\/h1>\t\t<\/div>\n\t\t\t\t<\/div>\n\t\t\t\t\t<\/div>\n\t\t<\/div>\n\t\t\t\t\t<\/div>\n\t\t<\/section>\n\t\t\t\t<section class=\"elementor-section elementor-top-section elementor-element elementor-element-141b6e03 elementor-section-boxed elementor-section-height-default elementor-section-height-default\" data-id=\"141b6e03\" data-element_type=\"section\">\n\t\t\t\t\t\t<div class=\"elementor-container elementor-column-gap-wide\">\n\t\t\t\t\t<div class=\"elementor-column elementor-col-100 elementor-top-column elementor-element elementor-element-685ebd5\" data-id=\"685ebd5\" data-element_type=\"column\">\n\t\t\t<div class=\"elementor-widget-wrap elementor-element-populated\">\n\t\t\t\t\t\t<section class=\"elementor-section elementor-inner-section elementor-element elementor-element-729d8b97 elementor-section-content-middle elementor-section-boxed elementor-section-height-default elementor-section-height-default\" data-id=\"729d8b97\" data-element_type=\"section\">\n\t\t\t\t\t\t<div class=\"elementor-container elementor-column-gap-default\">\n\t\t\t\t\t<div class=\"elementor-column elementor-col-50 elementor-inner-column elementor-element elementor-element-6a3b424f\" data-id=\"6a3b424f\" data-element_type=\"column\">\n\t\t\t<div class=\"elementor-widget-wrap elementor-element-populated\">\n\t\t\t\t\t\t<div class=\"elementor-element elementor-element-7a2d5a6b elementor-widget elementor-widget-text-editor\" data-id=\"7a2d5a6b\" data-element_type=\"widget\" data-widget_type=\"text-editor.default\">\n\t\t\t\t<div class=\"elementor-widget-container\">\n\t\t\t<style>\/*! elementor - v3.20.0 - 26-03-2024 *\/\n.elementor-widget-text-editor.elementor-drop-cap-view-stacked .elementor-drop-cap{background-color:#69727d;color:#fff}.elementor-widget-text-editor.elementor-drop-cap-view-framed .elementor-drop-cap{color:#69727d;border:3px solid;background-color:transparent}.elementor-widget-text-editor:not(.elementor-drop-cap-view-default) .elementor-drop-cap{margin-top:8px}.elementor-widget-text-editor:not(.elementor-drop-cap-view-default) .elementor-drop-cap-letter{width:1em;height:1em}.elementor-widget-text-editor .elementor-drop-cap{float:left;text-align:center;line-height:1;font-size:50px}.elementor-widget-text-editor .elementor-drop-cap-letter{display:inline-block}<\/style>\t\t\t\t<p>A Ascensors Euro Condal disposem d&#8217;una \u00e0mplia gamma de dispositius d&#8217;elevaci\u00f3 per a minusv\u00e0lids: elevadors, plataformes elevadores,cadires pujaescales, etc.<\/p><p class=\"western\" align=\"justify\">La normativa actual estableix que qualsevol edifici p\u00fablic, tant de nova com d&#8217;antiga construcci\u00f3, ha de comptar amb els mitjans necessaris per facilitar l&#8217;acc\u00e9s a tots els ciutadans amb independ\u00e8ncia de les dificultats de mobilitat que aquests puguin tenir.<\/p><p class=\"western\" align=\"justify\">En el cas d&#8217;una comunitat de propietaris\u00a0la instal\u00b7laci\u00f3 d&#8217;una plataforma elevadora , un elevador especialment dissenyat per a minusv\u00e0lids, etc. nom\u00e9s ser\u00e0 necess\u00e0ria si algun dels residents al bloc \u00e9s minusv\u00e0lid o t\u00e9 veritable necessitat d&#8217;un dispositiu d&#8217;aquest tipus com a conseq\u00fc\u00e8ncia dels seus problemes de mobilitat.<\/p>\t\t\t\t\t\t<\/div>\n\t\t\t\t<\/div>\n\t\t\t\t\t<\/div>\n\t\t<\/div>\n\t\t\t\t<div class=\"elementor-column elementor-col-50 elementor-inner-column elementor-element elementor-element-3df91e6a\" data-id=\"3df91e6a\" data-element_type=\"column\">\n\t\t\t<div class=\"elementor-widget-wrap elementor-element-populated\">\n\t\t\t\t\t\t<div class=\"elementor-element elementor-element-52284efc elementor-widget elementor-widget-image\" data-id=\"52284efc\" data-element_type=\"widget\" data-widget_type=\"image.default\">\n\t\t\t\t<div class=\"elementor-widget-container\">\n\t\t\t<style>\/*! elementor - v3.20.0 - 26-03-2024 *\/\n.elementor-widget-image{text-align:center}.elementor-widget-image a{display:inline-block}.elementor-widget-image a img[src$=\".svg\"]{width:48px}.elementor-widget-image img{vertical-align:middle;display:inline-block}<\/style>\t\t\t\t\t\t\t\t\t\t<img fetchpriority=\"high\" decoding=\"async\" width=\"768\" height=\"364\" src=\"https:\/\/ascensorescondal.com\/ca\/wp-content\/uploads\/2023\/12\/ascensor-para-minusvalidos.jpg\" class=\"attachment-large size-large wp-image-157\" alt=\"ascensor para minusv\u00e1lidos\" srcset=\"https:\/\/ascensorescondal.com\/ca\/wp-content\/uploads\/2023\/12\/ascensor-para-minusvalidos.jpg 768w, https:\/\/ascensorescondal.com\/ca\/wp-content\/uploads\/2023\/12\/ascensor-para-minusvalidos-300x142.jpg 300w\" sizes=\"(max-width: 768px) 100vw, 768px\" \/>\t\t\t\t\t\t\t\t\t\t\t\t\t<\/div>\n\t\t\t\t<\/div>\n\t\t\t\t\t<\/div>\n\t\t<\/div>\n\t\t\t\t\t<\/div>\n\t\t<\/section>\n\t\t\t\t\t<\/div>\n\t\t<\/div>\n\t\t\t\t\t<\/div>\n\t\t<\/section>\n\t\t\t\t<section class=\"elementor-section elementor-top-section elementor-element elementor-element-529200f0 elementor-section-content-middle elementor-section-boxed elementor-section-height-default elementor-section-height-default\" data-id=\"529200f0\" data-element_type=\"section\">\n\t\t\t\t\t\t<div class=\"elementor-container elementor-column-gap-default\">\n\t\t\t\t\t<div class=\"elementor-column elementor-col-100 elementor-top-column elementor-element elementor-element-16e96ea6\" data-id=\"16e96ea6\" data-element_type=\"column\">\n\t\t\t<div class=\"elementor-widget-wrap elementor-element-populated\">\n\t\t\t\t\t\t<div class=\"elementor-element elementor-element-5445d756 elementor-widget elementor-widget-heading\" data-id=\"5445d756\" data-element_type=\"widget\" data-widget_type=\"heading.default\">\n\t\t\t\t<div class=\"elementor-widget-container\">\n\t\t\t<h2 class=\"elementor-heading-title elementor-size-default\">Plataformes elevadores minusv\u00e0lids<\/h2>\t\t<\/div>\n\t\t\t\t<\/div>\n\t\t\t\t<section class=\"elementor-section elementor-inner-section elementor-element elementor-element-66335378 elementor-section-boxed elementor-section-height-default elementor-section-height-default\" data-id=\"66335378\" data-element_type=\"section\">\n\t\t\t\t\t\t<div class=\"elementor-container elementor-column-gap-default\">\n\t\t\t\t\t<div class=\"elementor-column elementor-col-100 elementor-inner-column elementor-element elementor-element-e248d7a\" data-id=\"e248d7a\" data-element_type=\"column\">\n\t\t\t<div class=\"elementor-widget-wrap elementor-element-populated\">\n\t\t\t\t\t\t<div class=\"elementor-element elementor-element-53166b1c elementor-widget elementor-widget-text-editor\" data-id=\"53166b1c\" data-element_type=\"widget\" data-widget_type=\"text-editor.default\">\n\t\t\t\t<div class=\"elementor-widget-container\">\n\t\t\t\t\t\t\t<p class=\"western\" align=\"justify\">A la nostra companyia disposem de diferents dispositius d&#8217;elevaci\u00f3 l&#8217;objectiu principal dels quals respon a\u00a0<b>facilitar l&#8217;acc\u00e9s i permetre la llibertat de moviment<\/b> a persones amb algun tipus de dificultat a la mobilitat. D&#8217;aquesta manera, tant els ascensors, les cadires salvaescales o les <b>plataformes elevadores per a minusv\u00e0lids<\/b>\u00a0estan dirigides a millorar la qualitat de vida d&#8217;aquests ciutadans.<\/p>\n<p class=\"western\" align=\"justify\">A m\u00e9s, el fet de disposar d&#8217;una varietat tan \u00e0mplia de possibilitats fa possible que qualsevol persona, independentment de les circumst\u00e0ncies, pugui optar a la instal\u00b7laci\u00f3 d&#8217;un d&#8217;aquests dispositius.<\/p>\n\n<p class=\"western\" align=\"justify\">De vegades, l&#8217;estructura arquitect\u00f2nica d&#8217;una llar o una comunitat de propietaris fa impossible instal\u00b7lar un\u00a0<b>ascensor per a minusv\u00e0lids<\/b>. Afortunadament, aquests casos no s\u00f3n gaire freq\u00fcents i la majoria els podem resoldre duent a terme la instal\u00b7laci\u00f3 d&#8217;un elevador el recorregut del qual tingui lloc a l&#8217;exterior de l&#8217;edifici. No obstant aix\u00f2, si ni tan sols aquesta soluci\u00f3 resulta viable, sempre comptem amb la possibilitat de muntar una plataforma elevadora o fins a una cadira pujaescales ja sigui per superar els esglaons que hi pugui haver al portal, com per, pujar repl\u00e0 per repl\u00e0, tots els pisos de l&#8217;edifici.<\/p>\n<p class=\"western\" align=\"justify\">Aix\u00ed mateix, el nostre ampli ventall d&#8217;alternatives tamb\u00e9 ens permet fer front a una problem\u00e0tica cada cop m\u00e9s freq\u00fcent: l&#8217;econ\u00f2mica. I \u00e9s que instal\u00b7lar una plataforma elevadora o una cadira pujaescales pot resultar molt m\u00e9s assequible que els\u00a0<b>ascensors per a minusv\u00e0lids<\/b>\u00a0encara que l&#8217;estructura de l&#8217;edifici ens en permeti el muntatge.<\/p>\n<p class=\"western\" align=\"justify\">En qualsevol cas, la nostra empresa disposa d&#8217;un departament de finan\u00e7ament que estar\u00e0 encantat d&#8217;oferir-vos les m\u00e0ximes facilitats per afrontar qualsevol pagament i\/o per adaptar els nostres serveis al pressupost que ens indiqui.<\/p>\n<p class=\"western\" align=\"justify\">A\u00a0<b>Ascensors Euro Comtal<\/b>\u00a0mantenim un\u00a0<b>ferm comprom\u00eds envers la qualitat de vida dels nostres usuaris<\/b>. Per aix\u00f2 lluitem dia a dia per oferir-vos el major nombre d&#8217;alternatives possible, perqu\u00e8 sigui el cas que sigui qualsevol ciutad\u00e0 pugui moure&#8217;s amb total llibertat en qualsevol entorn.<\/p>\t\t\t\t\t\t<\/div>\n\t\t\t\t<\/div>\n\t\t\t\t\t<\/div>\n\t\t<\/div>\n\t\t\t\t\t<\/div>\n\t\t<\/section>\n\t\t\t\t\t<\/div>\n\t\t<\/div>\n\t\t\t\t\t<\/div>\n\t\t<\/section>\n\t\t\t\t<section class=\"elementor-section elementor-top-section elementor-element elementor-element-3002c224 elementor-section-content-middle elementor-section-boxed elementor-section-height-default elementor-section-height-default\" data-id=\"3002c224\" data-element_type=\"section\" data-settings=\"{&quot;background_background&quot;:&quot;classic&quot;}\">\n\t\t\t\t\t\t\t<div class=\"elementor-background-overlay\"><\/div>\n\t\t\t\t\t\t\t<div class=\"elementor-container elementor-column-gap-default\">\n\t\t\t\t\t<div class=\"elementor-column elementor-col-50 elementor-top-column elementor-element elementor-element-bc3a139\" data-id=\"bc3a139\" data-element_type=\"column\">\n\t\t\t<div class=\"elementor-widget-wrap elementor-element-populated\">\n\t\t\t\t\t\t<div class=\"elementor-element elementor-element-d352778 elementor-widget elementor-widget-heading\" data-id=\"d352778\" data-element_type=\"widget\" data-widget_type=\"heading.default\">\n\t\t\t\t<div class=\"elementor-widget-container\">\n\t\t\t<h3 class=\"elementor-heading-title elementor-size-default\">Instal\u00b7laci\u00f3 d'ascensors per a minusv\u00e0lids<\/h3>\t\t<\/div>\n\t\t\t\t<\/div>\n\t\t\t\t<div class=\"elementor-element elementor-element-209e5908 elementor-widget elementor-widget-heading\" data-id=\"209e5908\" data-element_type=\"widget\" data-widget_type=\"heading.default\">\n\t\t\t\t<div class=\"elementor-widget-container\">\n\t\t\t<p class=\"elementor-heading-title elementor-size-default\">contacta'ns per a m\u00e9s informaci\u00f3<\/p>\t\t<\/div>\n\t\t\t\t<\/div>\n\t\t\t\t\t<\/div>\n\t\t<\/div>\n\t\t\t\t<div class=\"elementor-column elementor-col-50 elementor-top-column elementor-element elementor-element-30a5f19e\" data-id=\"30a5f19e\" data-element_type=\"column\" data-settings=\"{&quot;background_background&quot;:&quot;classic&quot;}\">\n\t\t\t<div class=\"elementor-widget-wrap elementor-element-populated\">\n\t\t\t\t\t\t<section class=\"elementor-section elementor-inner-section elementor-element elementor-element-3c4048ed elementor-section-boxed elementor-section-height-default elementor-section-height-default\" data-id=\"3c4048ed\" data-element_type=\"section\" data-settings=\"{&quot;background_background&quot;:&quot;classic&quot;}\">\n\t\t\t\t\t\t<div class=\"elementor-container elementor-column-gap-default\">\n\t\t\t\t\t<div class=\"elementor-column elementor-col-50 elementor-inner-column elementor-element elementor-element-3262db9f\" data-id=\"3262db9f\" data-element_type=\"column\">\n\t\t\t<div class=\"elementor-widget-wrap elementor-element-populated\">\n\t\t\t\t\t\t<div class=\"elementor-element elementor-element-779ad13c elementor-view-stacked elementor-position-left elementor-mobile-position-left elementor-shape-circle elementor-vertical-align-top elementor-widget elementor-widget-icon-box\" data-id=\"779ad13c\" data-element_type=\"widget\" data-widget_type=\"icon-box.default\">\n\t\t\t\t<div class=\"elementor-widget-container\">\n\t\t\t<link rel=\"stylesheet\" href=\"https:\/\/ascensorescondal.com\/ca\/wp-content\/plugins\/elementor\/assets\/css\/widget-icon-box.min.css\">\t\t<div class=\"elementor-icon-box-wrapper\">\n\t\t\t\t\t\t<div class=\"elementor-icon-box-icon\">\n\t\t\t\t<a href=\"mailto:info@ascensorescondal.com\" class=\"elementor-icon elementor-animation-\" tabindex=\"-1\">\n\t\t\t\t<i aria-hidden=\"true\" class=\"far fa-envelope\"><\/i>\t\t\t\t<\/a>\n\t\t\t<\/div>\n\t\t\t\t\t\t<div class=\"elementor-icon-box-content\">\n\t\t\t\t<span class=\"elementor-icon-box-title\">\n\t\t\t\t\t<a href=\"mailto:info@ascensorescondal.com\" >\n\t\t\t\t\t\tEscriu-nos al mail\t\t\t\t\t<\/a>\n\t\t\t\t<\/span>\n\t\t\t\t\t\t\t\t\t<p class=\"elementor-icon-box-description\">\n\t\t\t\t\t\tinfo@ascensorescondal.com\t\t\t\t\t<\/p>\n\t\t\t\t\t\t\t<\/div>\n\t\t<\/div>\n\t\t\t\t<\/div>\n\t\t\t\t<\/div>\n\t\t\t\t\t<\/div>\n\t\t<\/div>\n\t\t\t\t<div class=\"elementor-column elementor-col-50 elementor-inner-column elementor-element elementor-element-1403bd08\" data-id=\"1403bd08\" data-element_type=\"column\">\n\t\t\t<div class=\"elementor-widget-wrap elementor-element-populated\">\n\t\t\t\t\t\t<div class=\"elementor-element elementor-element-4b0a6ca5 elementor-view-stacked elementor-position-left elementor-mobile-position-left elementor-shape-circle elementor-vertical-align-top elementor-widget elementor-widget-icon-box\" data-id=\"4b0a6ca5\" data-element_type=\"widget\" data-widget_type=\"icon-box.default\">\n\t\t\t\t<div class=\"elementor-widget-container\">\n\t\t\t\t\t<div class=\"elementor-icon-box-wrapper\">\n\t\t\t\t\t\t<div class=\"elementor-icon-box-icon\">\n\t\t\t\t<a href=\"tel:+34%20934617840\" class=\"elementor-icon elementor-animation-\" tabindex=\"-1\">\n\t\t\t\t<i aria-hidden=\"true\" class=\"fas fa-phone-alt\"><\/i>\t\t\t\t<\/a>\n\t\t\t<\/div>\n\t\t\t\t\t\t<div class=\"elementor-icon-box-content\">\n\t\t\t\t<span class=\"elementor-icon-box-title\">\n\t\t\t\t\t<a href=\"tel:+34%20934617840\" >\n\t\t\t\t\t\tTruca'ns al\t\t\t\t\t<\/a>\n\t\t\t\t<\/span>\n\t\t\t\t\t\t\t\t\t<p class=\"elementor-icon-box-description\">\n\t\t\t\t\t\t+34 934 61 78 40\t\t\t\t\t<\/p>\n\t\t\t\t\t\t\t<\/div>\n\t\t<\/div>\n\t\t\t\t<\/div>\n\t\t\t\t<\/div>\n\t\t\t\t\t<\/div>\n\t\t<\/div>\n\t\t\t\t\t<\/div>\n\t\t<\/section>\n\t\t\t\t\t<\/div>\n\t\t<\/div>\n\t\t\t\t\t<\/div>\n\t\t<\/section>\n\t\t\t\t<\/div>\n\t\t","protected":false},"excerpt":{"rendered":"<p>Ascensors per a minusv\u00e0lids A Ascensors Euro Condal disposem d&#8217;una \u00e0mplia gamma de dispositius d&#8217;elevaci\u00f3 per a minusv\u00e0lids: elevadors, plataformes elevadores,cadires pujaescales, etc. La normativa actual estableix que qualsevol edifici p\u00fablic, tant de nova com d&#8217;antiga construcci\u00f3, ha de comptar amb els mitjans necessaris per facilitar l&#8217;acc\u00e9s a tots els ciutadans amb independ\u00e8ncia de les &hellip;<\/p>\n<p class=\"read-more\"> <a class=\"\" href=\"https:\/\/ascensorescondal.com\/ca\/ascensors-minusvalids\/\"> <span class=\"screen-reader-text\">Ascensors per a minusv\u00e0lids<\/span> Llegeix m\u00e9s &raquo;<\/a><\/p>\n","protected":false},"author":1,"featured_media":0,"parent":0,"menu_order":0,"comment_status":"closed","ping_status":"closed","template":"","meta":{"site-sidebar-layout":"no-sidebar","site-content-layout":"","ast-site-content-layout":"full-width-container","site-content-style":"default","site-sidebar-style":"default","ast-global-header-display":"","ast-banner-title-visibility":"","ast-main-header-display":"","ast-hfb-above-header-display":"","ast-hfb-below-header-display":"","ast-hfb-mobile-header-display":"","site-post-title":"disabled","ast-breadcrumbs-content":"","ast-featured-img":"disabled","footer-sml-layout":"","theme-transparent-header-meta":"default","adv-header-id-meta":"","stick-header-meta":"","header-above-stick-meta":"","header-main-stick-meta":"","header-below-stick-meta":"","astra-migrate-meta-layouts":"set","footnotes":""},"class_list":["post-154","page","type-page","status-publish","hentry"],"yoast_head":"<!-- This site is optimized with the Yoast SEO plugin v26.0 - https:\/\/yoast.com\/wordpress\/plugins\/seo\/ -->\n<title>Ascensors per a minusv\u00e0lids. Plataformes elevadores minusv\u00e0lids<\/title>\n<meta name=\"description\" content=\"ASCENSORS CONDAL. Ascensors i plataformes elevadores per a minusv\u00e0lids: plataformes salva escales, cadires salvaescales, elevadors verticals\u2026\" \/>\n<meta name=\"robots\" content=\"index, follow, max-snippet:-1, max-image-preview:large, max-video-preview:-1\" \/>\n<link rel=\"canonical\" href=\"https:\/\/ascensorescondal.com\/ca\/ascensors-minusvalids\/\" \/>\n<meta property=\"og:locale\" content=\"ca_ES\" \/>\n<meta property=\"og:type\" content=\"article\" \/>\n<meta property=\"og:title\" content=\"Ascensors per a minusv\u00e0lids. Plataformes elevadores minusv\u00e0lids\" \/>\n<meta property=\"og:description\" content=\"ASCENSORS CONDAL. Ascensors i plataformes elevadores per a minusv\u00e0lids: plataformes salva escales, cadires salvaescales, elevadors verticals\u2026\" \/>\n<meta property=\"og:url\" content=\"https:\/\/ascensorescondal.com\/ca\/ascensors-minusvalids\/\" \/>\n<meta property=\"article:modified_time\" content=\"2024-05-20T15:16:52+00:00\" \/>\n<meta property=\"og:image\" content=\"https:\/\/ascensorescondal.com\/ca\/wp-content\/uploads\/2023\/12\/ascensor-para-minusvalidos.jpg\" \/>\n<meta name=\"twitter:card\" content=\"summary_large_image\" \/>\n<meta name=\"twitter:label1\" content=\"Temps estimat de lectura\" \/>\n\t<meta name=\"twitter:data1\" content=\"3 minuts\" \/>\n<script type=\"application\/ld+json\" class=\"yoast-schema-graph\">{\"@context\":\"https:\/\/schema.org\",\"@graph\":[{\"@type\":\"WebPage\",\"@id\":\"https:\/\/ascensorescondal.com\/ca\/ascensors-minusvalids\/\",\"url\":\"https:\/\/ascensorescondal.com\/ca\/ascensors-minusvalids\/\",\"name\":\"Ascensors per a minusv\u00e0lids. Plataformes elevadores minusv\u00e0lids\",\"isPartOf\":{\"@id\":\"https:\/\/ascensorescondal.com\/ca\/#website\"},\"primaryImageOfPage\":{\"@id\":\"https:\/\/ascensorescondal.com\/ca\/ascensors-minusvalids\/#primaryimage\"},\"image\":{\"@id\":\"https:\/\/ascensorescondal.com\/ca\/ascensors-minusvalids\/#primaryimage\"},\"thumbnailUrl\":\"https:\/\/ascensorescondal.com\/ca\/wp-content\/uploads\/2023\/12\/ascensor-para-minusvalidos.jpg\",\"datePublished\":\"2023-12-15T15:48:26+00:00\",\"dateModified\":\"2024-05-20T15:16:52+00:00\",\"description\":\"ASCENSORS CONDAL. Ascensors i plataformes elevadores per a minusv\u00e0lids: plataformes salva escales, cadires salvaescales, elevadors verticals\u2026\",\"breadcrumb\":{\"@id\":\"https:\/\/ascensorescondal.com\/ca\/ascensors-minusvalids\/#breadcrumb\"},\"inLanguage\":\"ca\",\"potentialAction\":[{\"@type\":\"ReadAction\",\"target\":[\"https:\/\/ascensorescondal.com\/ca\/ascensors-minusvalids\/\"]}]},{\"@type\":\"ImageObject\",\"inLanguage\":\"ca\",\"@id\":\"https:\/\/ascensorescondal.com\/ca\/ascensors-minusvalids\/#primaryimage\",\"url\":\"https:\/\/ascensorescondal.com\/ca\/wp-content\/uploads\/2023\/12\/ascensor-para-minusvalidos.jpg\",\"contentUrl\":\"https:\/\/ascensorescondal.com\/ca\/wp-content\/uploads\/2023\/12\/ascensor-para-minusvalidos.jpg\",\"width\":768,\"height\":364,\"caption\":\"ascensor para minusv\u00e1lidos\"},{\"@type\":\"BreadcrumbList\",\"@id\":\"https:\/\/ascensorescondal.com\/ca\/ascensors-minusvalids\/#breadcrumb\",\"itemListElement\":[{\"@type\":\"ListItem\",\"position\":1,\"name\":\"Portada\",\"item\":\"https:\/\/ascensorescondal.com\/ca\/\"},{\"@type\":\"ListItem\",\"position\":2,\"name\":\"Ascensors per a minusv\u00e0lids\"}]},{\"@type\":\"WebSite\",\"@id\":\"https:\/\/ascensorescondal.com\/ca\/#website\",\"url\":\"https:\/\/ascensorescondal.com\/ca\/\",\"name\":\"\",\"description\":\"\",\"potentialAction\":[{\"@type\":\"SearchAction\",\"target\":{\"@type\":\"EntryPoint\",\"urlTemplate\":\"https:\/\/ascensorescondal.com\/ca\/?s={search_term_string}\"},\"query-input\":{\"@type\":\"PropertyValueSpecification\",\"valueRequired\":true,\"valueName\":\"search_term_string\"}}],\"inLanguage\":\"ca\"}]}<\/script>\n<!-- \/ Yoast SEO plugin. -->","yoast_head_json":{"title":"Ascensors per a minusv\u00e0lids. Plataformes elevadores minusv\u00e0lids","description":"ASCENSORS CONDAL. Ascensors i plataformes elevadores per a minusv\u00e0lids: plataformes salva escales, cadires salvaescales, elevadors verticals\u2026","robots":{"index":"index","follow":"follow","max-snippet":"max-snippet:-1","max-image-preview":"max-image-preview:large","max-video-preview":"max-video-preview:-1"},"canonical":"https:\/\/ascensorescondal.com\/ca\/ascensors-minusvalids\/","og_locale":"ca_ES","og_type":"article","og_title":"Ascensors per a minusv\u00e0lids. Plataformes elevadores minusv\u00e0lids","og_description":"ASCENSORS CONDAL. Ascensors i plataformes elevadores per a minusv\u00e0lids: plataformes salva escales, cadires salvaescales, elevadors verticals\u2026","og_url":"https:\/\/ascensorescondal.com\/ca\/ascensors-minusvalids\/","article_modified_time":"2024-05-20T15:16:52+00:00","og_image":[{"url":"https:\/\/ascensorescondal.com\/ca\/wp-content\/uploads\/2023\/12\/ascensor-para-minusvalidos.jpg","type":"","width":"","height":""}],"twitter_card":"summary_large_image","twitter_misc":{"Temps estimat de lectura":"3 minuts"},"schema":{"@context":"https:\/\/schema.org","@graph":[{"@type":"WebPage","@id":"https:\/\/ascensorescondal.com\/ca\/ascensors-minusvalids\/","url":"https:\/\/ascensorescondal.com\/ca\/ascensors-minusvalids\/","name":"Ascensors per a minusv\u00e0lids. Plataformes elevadores minusv\u00e0lids","isPartOf":{"@id":"https:\/\/ascensorescondal.com\/ca\/#website"},"primaryImageOfPage":{"@id":"https:\/\/ascensorescondal.com\/ca\/ascensors-minusvalids\/#primaryimage"},"image":{"@id":"https:\/\/ascensorescondal.com\/ca\/ascensors-minusvalids\/#primaryimage"},"thumbnailUrl":"https:\/\/ascensorescondal.com\/ca\/wp-content\/uploads\/2023\/12\/ascensor-para-minusvalidos.jpg","datePublished":"2023-12-15T15:48:26+00:00","dateModified":"2024-05-20T15:16:52+00:00","description":"ASCENSORS CONDAL. Ascensors i plataformes elevadores per a minusv\u00e0lids: plataformes salva escales, cadires salvaescales, elevadors verticals\u2026","breadcrumb":{"@id":"https:\/\/ascensorescondal.com\/ca\/ascensors-minusvalids\/#breadcrumb"},"inLanguage":"ca","potentialAction":[{"@type":"ReadAction","target":["https:\/\/ascensorescondal.com\/ca\/ascensors-minusvalids\/"]}]},{"@type":"ImageObject","inLanguage":"ca","@id":"https:\/\/ascensorescondal.com\/ca\/ascensors-minusvalids\/#primaryimage","url":"https:\/\/ascensorescondal.com\/ca\/wp-content\/uploads\/2023\/12\/ascensor-para-minusvalidos.jpg","contentUrl":"https:\/\/ascensorescondal.com\/ca\/wp-content\/uploads\/2023\/12\/ascensor-para-minusvalidos.jpg","width":768,"height":364,"caption":"ascensor para minusv\u00e1lidos"},{"@type":"BreadcrumbList","@id":"https:\/\/ascensorescondal.com\/ca\/ascensors-minusvalids\/#breadcrumb","itemListElement":[{"@type":"ListItem","position":1,"name":"Portada","item":"https:\/\/ascensorescondal.com\/ca\/"},{"@type":"ListItem","position":2,"name":"Ascensors per a minusv\u00e0lids"}]},{"@type":"WebSite","@id":"https:\/\/ascensorescondal.com\/ca\/#website","url":"https:\/\/ascensorescondal.com\/ca\/","name":"","description":"","potentialAction":[{"@type":"SearchAction","target":{"@type":"EntryPoint","urlTemplate":"https:\/\/ascensorescondal.com\/ca\/?s={search_term_string}"},"query-input":{"@type":"PropertyValueSpecification","valueRequired":true,"valueName":"search_term_string"}}],"inLanguage":"ca"}]}},"_links":{"self":[{"href":"https:\/\/ascensorescondal.com\/ca\/wp-json\/wp\/v2\/pages\/154","targetHints":{"allow":["GET"]}}],"collection":[{"href":"https:\/\/ascensorescondal.com\/ca\/wp-json\/wp\/v2\/pages"}],"about":[{"href":"https:\/\/ascensorescondal.com\/ca\/wp-json\/wp\/v2\/types\/page"}],"author":[{"embeddable":true,"href":"https:\/\/ascensorescondal.com\/ca\/wp-json\/wp\/v2\/users\/1"}],"replies":[{"embeddable":true,"href":"https:\/\/ascensorescondal.com\/ca\/wp-json\/wp\/v2\/comments?post=154"}],"version-history":[{"count":12,"href":"https:\/\/ascensorescondal.com\/ca\/wp-json\/wp\/v2\/pages\/154\/revisions"}],"predecessor-version":[{"id":1692,"href":"https:\/\/ascensorescondal.com\/ca\/wp-json\/wp\/v2\/pages\/154\/revisions\/1692"}],"wp:attachment":[{"href":"https:\/\/ascensorescondal.com\/ca\/wp-json\/wp\/v2\/media?parent=154"}],"curies":[{"name":"wp","href":"https:\/\/api.w.org\/{rel}","templated":true}]}}