{"id":1395,"date":"2022-11-16T08:19:27","date_gmt":"2022-11-16T08:19:27","guid":{"rendered":"https:\/\/ascensorescondal.com\/?page_id=1395"},"modified":"2024-04-05T14:24:58","modified_gmt":"2024-04-05T12:24:58","slug":"la-palma-de-cervello","status":"publish","type":"page","link":"https:\/\/ascensorescondal.com\/ca\/la-palma-de-cervello\/","title":{"rendered":"La Palma de Cervell\u00f3"},"content":{"rendered":"<h1>Ascensors La Palma de Cervell\u00f3<\/h1>\n<p>Si est\u00e0s interessat en instal\u00b7lar elevadors a la teva comunitat i est\u00e0s ubicat a La Palma de Cervell\u00f3, sens dubte, has d&#8217;acudir als millors de Barcelona: Ascensors Euro Condal. I \u00e9s que som una empresa que no nom\u00e9s disposem de l&#8217;equip t\u00e8cnic per atendre els teus requeriments, sin\u00f3 que tamb\u00e9 tenim a disposici\u00f3 els nostres professionals per fer el manteniment preventiu de qualsevol tipus d&#8217;elevador.<\/p>\n<p>Comptem amb una infinitat d&#8217;alternatives adaptades a cada tipus d&#8217;edificaci\u00f3, ja que entenem que cada comunitat t\u00e9 necessitats particulars.<\/p>\n<h2>Tenim una gran varietat d&#8217;ascensors<\/h2>\n<p>Ascensors Euro Condal \u00e9s una organitzaci\u00f3 creada per atendre les necessitats d&#8217;accessibilitat de qualsevol localitat a Barcelona ja que disposem d&#8217;un ampli cat\u00e0leg disposat a satisfer les necessitats dels qui requereixen aquest tipus de servei.<\/p>\n<p>I \u00e9s que no nom\u00e9s comptem amb ascensors convencionals que ofereixen un servei \u00f2ptim a la comunitat, sin\u00f3 tamb\u00e9 <strong>disposem d&#8217;elevadors especials per a minusv\u00e0lids<\/strong>, plataformes elevadores i pujaescales, entre d&#8217;altres. Per si no n&#8217;hi hagu\u00e9s prou, comptem amb un equip de professionals disposat a atendre les sol\u00b7licituds d&#8217;emerg\u00e8ncia que es puguin suscitar amb el teu elevador, aix\u00ed com tamb\u00e9 la prevenci\u00f3 d&#8217;aquests elements, a trav\u00e9s del manteniment continu de l&#8217;equip.<\/p>\n<p>Realitzem una avaluaci\u00f3 gratu\u00efta del sistema i emetem el pressupost segons els teus requeriments. Aix\u00ed que, a qu\u00e8 esperes? Contacta ja amb nosaltres!<\/p>\n","protected":false},"excerpt":{"rendered":"<p>Ascensors La Palma de Cervell\u00f3 Si est\u00e0s interessat en instal\u00b7lar elevadors a la teva comunitat i est\u00e0s ubicat a La Palma de Cervell\u00f3, sens dubte, has d&#8217;acudir als millors de Barcelona: Ascensors Euro Condal. I \u00e9s que som una empresa que no nom\u00e9s disposem de l&#8217;equip t\u00e8cnic per atendre els teus requeriments, sin\u00f3 que tamb\u00e9 &hellip;<\/p>\n<p class=\"read-more\"> <a class=\"\" href=\"https:\/\/ascensorescondal.com\/ca\/la-palma-de-cervello\/\"> <span class=\"screen-reader-text\">La Palma de Cervell\u00f3<\/span> Llegeix m\u00e9s &raquo;<\/a><\/p>\n","protected":false},"author":1,"featured_media":0,"parent":0,"menu_order":0,"comment_status":"closed","ping_status":"closed","template":"","meta":{"site-sidebar-layout":"default","site-content-layout":"","ast-site-content-layout":"default","site-content-style":"default","site-sidebar-style":"default","ast-global-header-display":"","ast-banner-title-visibility":"","ast-main-header-display":"","ast-hfb-above-header-display":"","ast-hfb-below-header-display":"","ast-hfb-mobile-header-display":"","site-post-title":"","ast-breadcrumbs-content":"","ast-featured-img":"","footer-sml-layout":"","theme-transparent-header-meta":"default","adv-header-id-meta":"","stick-header-meta":"","header-above-stick-meta":"","header-main-stick-meta":"","header-below-stick-meta":"","astra-migrate-meta-layouts":"set","footnotes":""},"class_list":["post-1395","page","type-page","status-publish","hentry"],"yoast_head":"<!-- This site is optimized with the Yoast SEO plugin v26.0 - https:\/\/yoast.com\/wordpress\/plugins\/seo\/ -->\n<title>Ascensors La Palma de Cervell\u00f3. Manteniment elevadors<\/title>\n<meta name=\"description\" content=\"ASCENSORS CONDAL. Elevadors. Serveis s\u00f3n els d&#039;instal\u00b7laci\u00f3 i manteniment d&#039;ascensors a baix preu a La Palma de Cervell\u00f3\" \/>\n<meta name=\"robots\" content=\"index, follow, max-snippet:-1, max-image-preview:large, max-video-preview:-1\" \/>\n<link rel=\"canonical\" href=\"https:\/\/ascensorescondal.com\/ca\/la-palma-de-cervello\/\" \/>\n<meta property=\"og:locale\" content=\"ca_ES\" \/>\n<meta property=\"og:type\" content=\"article\" \/>\n<meta property=\"og:title\" content=\"Ascensors La Palma de Cervell\u00f3. Manteniment elevadors\" \/>\n<meta property=\"og:description\" content=\"ASCENSORS CONDAL. Elevadors. Serveis s\u00f3n els d&#039;instal\u00b7laci\u00f3 i manteniment d&#039;ascensors a baix preu a La Palma de Cervell\u00f3\" \/>\n<meta property=\"og:url\" content=\"https:\/\/ascensorescondal.com\/ca\/la-palma-de-cervello\/\" \/>\n<meta property=\"article:modified_time\" content=\"2024-04-05T12:24:58+00:00\" \/>\n<meta name=\"twitter:card\" content=\"summary_large_image\" \/>\n<meta name=\"twitter:label1\" content=\"Temps estimat de lectura\" \/>\n\t<meta name=\"twitter:data1\" content=\"2 minuts\" \/>\n<script type=\"application\/ld+json\" class=\"yoast-schema-graph\">{\"@context\":\"https:\/\/schema.org\",\"@graph\":[{\"@type\":\"WebPage\",\"@id\":\"https:\/\/ascensorescondal.com\/ca\/la-palma-de-cervello\/\",\"url\":\"https:\/\/ascensorescondal.com\/ca\/la-palma-de-cervello\/\",\"name\":\"Ascensors La Palma de Cervell\u00f3. Manteniment elevadors\",\"isPartOf\":{\"@id\":\"https:\/\/ascensorescondal.com\/ca\/#website\"},\"datePublished\":\"2022-11-16T08:19:27+00:00\",\"dateModified\":\"2024-04-05T12:24:58+00:00\",\"description\":\"ASCENSORS CONDAL. Elevadors. Serveis s\u00f3n els d'instal\u00b7laci\u00f3 i manteniment d'ascensors a baix preu a La Palma de Cervell\u00f3\",\"breadcrumb\":{\"@id\":\"https:\/\/ascensorescondal.com\/ca\/la-palma-de-cervello\/#breadcrumb\"},\"inLanguage\":\"ca\",\"potentialAction\":[{\"@type\":\"ReadAction\",\"target\":[\"https:\/\/ascensorescondal.com\/ca\/la-palma-de-cervello\/\"]}]},{\"@type\":\"BreadcrumbList\",\"@id\":\"https:\/\/ascensorescondal.com\/ca\/la-palma-de-cervello\/#breadcrumb\",\"itemListElement\":[{\"@type\":\"ListItem\",\"position\":1,\"name\":\"Portada\",\"item\":\"https:\/\/ascensorescondal.com\/ca\/\"},{\"@type\":\"ListItem\",\"position\":2,\"name\":\"La Palma de Cervell\u00f3\"}]},{\"@type\":\"WebSite\",\"@id\":\"https:\/\/ascensorescondal.com\/ca\/#website\",\"url\":\"https:\/\/ascensorescondal.com\/ca\/\",\"name\":\"\",\"description\":\"\",\"potentialAction\":[{\"@type\":\"SearchAction\",\"target\":{\"@type\":\"EntryPoint\",\"urlTemplate\":\"https:\/\/ascensorescondal.com\/ca\/?s={search_term_string}\"},\"query-input\":{\"@type\":\"PropertyValueSpecification\",\"valueRequired\":true,\"valueName\":\"search_term_string\"}}],\"inLanguage\":\"ca\"}]}<\/script>\n<!-- \/ Yoast SEO plugin. -->","yoast_head_json":{"title":"Ascensors La Palma de Cervell\u00f3. Manteniment elevadors","description":"ASCENSORS CONDAL. Elevadors. Serveis s\u00f3n els d'instal\u00b7laci\u00f3 i manteniment d'ascensors a baix preu a La Palma de Cervell\u00f3","robots":{"index":"index","follow":"follow","max-snippet":"max-snippet:-1","max-image-preview":"max-image-preview:large","max-video-preview":"max-video-preview:-1"},"canonical":"https:\/\/ascensorescondal.com\/ca\/la-palma-de-cervello\/","og_locale":"ca_ES","og_type":"article","og_title":"Ascensors La Palma de Cervell\u00f3. Manteniment elevadors","og_description":"ASCENSORS CONDAL. Elevadors. Serveis s\u00f3n els d'instal\u00b7laci\u00f3 i manteniment d'ascensors a baix preu a La Palma de Cervell\u00f3","og_url":"https:\/\/ascensorescondal.com\/ca\/la-palma-de-cervello\/","article_modified_time":"2024-04-05T12:24:58+00:00","twitter_card":"summary_large_image","twitter_misc":{"Temps estimat de lectura":"2 minuts"},"schema":{"@context":"https:\/\/schema.org","@graph":[{"@type":"WebPage","@id":"https:\/\/ascensorescondal.com\/ca\/la-palma-de-cervello\/","url":"https:\/\/ascensorescondal.com\/ca\/la-palma-de-cervello\/","name":"Ascensors La Palma de Cervell\u00f3. Manteniment elevadors","isPartOf":{"@id":"https:\/\/ascensorescondal.com\/ca\/#website"},"datePublished":"2022-11-16T08:19:27+00:00","dateModified":"2024-04-05T12:24:58+00:00","description":"ASCENSORS CONDAL. Elevadors. Serveis s\u00f3n els d'instal\u00b7laci\u00f3 i manteniment d'ascensors a baix preu a La Palma de Cervell\u00f3","breadcrumb":{"@id":"https:\/\/ascensorescondal.com\/ca\/la-palma-de-cervello\/#breadcrumb"},"inLanguage":"ca","potentialAction":[{"@type":"ReadAction","target":["https:\/\/ascensorescondal.com\/ca\/la-palma-de-cervello\/"]}]},{"@type":"BreadcrumbList","@id":"https:\/\/ascensorescondal.com\/ca\/la-palma-de-cervello\/#breadcrumb","itemListElement":[{"@type":"ListItem","position":1,"name":"Portada","item":"https:\/\/ascensorescondal.com\/ca\/"},{"@type":"ListItem","position":2,"name":"La Palma de Cervell\u00f3"}]},{"@type":"WebSite","@id":"https:\/\/ascensorescondal.com\/ca\/#website","url":"https:\/\/ascensorescondal.com\/ca\/","name":"","description":"","potentialAction":[{"@type":"SearchAction","target":{"@type":"EntryPoint","urlTemplate":"https:\/\/ascensorescondal.com\/ca\/?s={search_term_string}"},"query-input":{"@type":"PropertyValueSpecification","valueRequired":true,"valueName":"search_term_string"}}],"inLanguage":"ca"}]}},"_links":{"self":[{"href":"https:\/\/ascensorescondal.com\/ca\/wp-json\/wp\/v2\/pages\/1395","targetHints":{"allow":["GET"]}}],"collection":[{"href":"https:\/\/ascensorescondal.com\/ca\/wp-json\/wp\/v2\/pages"}],"about":[{"href":"https:\/\/ascensorescondal.com\/ca\/wp-json\/wp\/v2\/types\/page"}],"author":[{"embeddable":true,"href":"https:\/\/ascensorescondal.com\/ca\/wp-json\/wp\/v2\/users\/1"}],"replies":[{"embeddable":true,"href":"https:\/\/ascensorescondal.com\/ca\/wp-json\/wp\/v2\/comments?post=1395"}],"version-history":[{"count":2,"href":"https:\/\/ascensorescondal.com\/ca\/wp-json\/wp\/v2\/pages\/1395\/revisions"}],"predecessor-version":[{"id":1566,"href":"https:\/\/ascensorescondal.com\/ca\/wp-json\/wp\/v2\/pages\/1395\/revisions\/1566"}],"wp:attachment":[{"href":"https:\/\/ascensorescondal.com\/ca\/wp-json\/wp\/v2\/media?parent=1395"}],"curies":[{"name":"wp","href":"https:\/\/api.w.org\/{rel}","templated":true}]}}