{"id":1391,"date":"2022-11-16T08:15:14","date_gmt":"2022-11-16T08:15:14","guid":{"rendered":"https:\/\/ascensorescondal.com\/?page_id=1391"},"modified":"2024-04-05T14:24:39","modified_gmt":"2024-04-05T12:24:39","slug":"sant-joan-despi","status":"publish","type":"page","link":"https:\/\/ascensorescondal.com\/ca\/sant-joan-despi\/","title":{"rendered":"Sant Joan Desp\u00ed"},"content":{"rendered":"<h1>Ascensors Sant Joan Desp\u00ed<\/h1>\n<p>Sant Joan Desp\u00ed \u00e9s una localitat de Barcelona on \u00e9s molt com\u00fa trobar-hi edificacions de m\u00e9s de 3 plantes. Per aix\u00f2, \u00e9s molt demandada la sol\u00b7licitud d&#8217;instal\u00b7laci\u00f3 d&#8217;equips elevadors, ja que m\u00e9s que un luxe \u00e9s una necessitat per als qui se&#8217;ls impossibilita accedir a qualsevol comunitat, com qualsevol vianant.<\/p>\n<p>Per aquesta ra\u00f3, Ascensors Euro Condal ofereix una infinitat d&#8217;alternatives adaptades a cada edificaci\u00f3, entenent les necessitats particulars de cada comunitat.<\/p>\n<p>&nbsp;<\/p>\n<h2>Tenim una \u00e0mplia varietat en ascensors<\/h2>\n<p>La nostra empresa disposa d\u00b4un ampli cat\u00e0leg d\u00b4elevadors per cobrir les necessitats d\u00b4accessibilitat tant en edificis com en habitatges unifamiliars de m\u00e9s de 2 plantes, sense importar que aquesta sigui antiga o una nova obra.<\/p>\n<p>Dins de la classificaci\u00f3 es troben els ascensors per a minusv\u00e0lids, plataformes elevadores, pujaescales i diversos tipus d&#8217;elevadors verticals que es poden adaptar a l&#8217;espai destinat a instal\u00b7lar-los. Tamb\u00e9 <strong>comptem amb professionals aptes per realitzar el manteniment preventiu i correctiu <\/strong>d&#8217;aquest tipus d&#8217;ascensors, sense importar que aquests hagin estat instal\u00b7lats per altres empreses. Nom\u00e9s haur\u00e0s de sol\u00b7licitar l&#8217;avaluaci\u00f3 gratu\u00efta de l&#8217;equip perqu\u00e8 coneguis una mica m\u00e9s les tarifes dels nostres serveis.<\/p>\n<p>No dubtis a acudir als experts en elevadors verticals, recorda que la seguretat \u00e9s el nostre lema.<\/p>\n","protected":false},"excerpt":{"rendered":"<p>Ascensors Sant Joan Desp\u00ed Sant Joan Desp\u00ed \u00e9s una localitat de Barcelona on \u00e9s molt com\u00fa trobar-hi edificacions de m\u00e9s de 3 plantes. Per aix\u00f2, \u00e9s molt demandada la sol\u00b7licitud d&#8217;instal\u00b7laci\u00f3 d&#8217;equips elevadors, ja que m\u00e9s que un luxe \u00e9s una necessitat per als qui se&#8217;ls impossibilita accedir a qualsevol comunitat, com qualsevol vianant. Per &hellip;<\/p>\n<p class=\"read-more\"> <a class=\"\" href=\"https:\/\/ascensorescondal.com\/ca\/sant-joan-despi\/\"> <span class=\"screen-reader-text\">Sant Joan Desp\u00ed<\/span> Llegeix m\u00e9s &raquo;<\/a><\/p>\n","protected":false},"author":1,"featured_media":0,"parent":0,"menu_order":0,"comment_status":"closed","ping_status":"closed","template":"","meta":{"site-sidebar-layout":"default","site-content-layout":"","ast-site-content-layout":"default","site-content-style":"default","site-sidebar-style":"default","ast-global-header-display":"","ast-banner-title-visibility":"","ast-main-header-display":"","ast-hfb-above-header-display":"","ast-hfb-below-header-display":"","ast-hfb-mobile-header-display":"","site-post-title":"","ast-breadcrumbs-content":"","ast-featured-img":"","footer-sml-layout":"","theme-transparent-header-meta":"default","adv-header-id-meta":"","stick-header-meta":"","header-above-stick-meta":"","header-main-stick-meta":"","header-below-stick-meta":"","astra-migrate-meta-layouts":"set","footnotes":""},"class_list":["post-1391","page","type-page","status-publish","hentry"],"yoast_head":"<!-- This site is optimized with the Yoast SEO plugin v26.0 - https:\/\/yoast.com\/wordpress\/plugins\/seo\/ -->\n<title>Ascensors Sant Joan Desp\u00ed. Manteniment elevador<\/title>\n<meta name=\"description\" content=\"ASCENSORS CONDAL. Elevador. Professionals de la conservaci\u00f3, modernitzaci\u00f3 i manteniment d&#039;ascensors a Sant Joan Desp\u00ed\" \/>\n<meta name=\"robots\" content=\"index, follow, max-snippet:-1, max-image-preview:large, max-video-preview:-1\" \/>\n<link rel=\"canonical\" href=\"https:\/\/ascensorescondal.com\/ca\/sant-joan-despi\/\" \/>\n<meta property=\"og:locale\" content=\"ca_ES\" \/>\n<meta property=\"og:type\" content=\"article\" \/>\n<meta property=\"og:title\" content=\"Ascensors Sant Joan Desp\u00ed. Manteniment elevador\" \/>\n<meta property=\"og:description\" content=\"ASCENSORS CONDAL. Elevador. Professionals de la conservaci\u00f3, modernitzaci\u00f3 i manteniment d&#039;ascensors a Sant Joan Desp\u00ed\" \/>\n<meta property=\"og:url\" content=\"https:\/\/ascensorescondal.com\/ca\/sant-joan-despi\/\" \/>\n<meta property=\"article:modified_time\" content=\"2024-04-05T12:24:39+00:00\" \/>\n<meta name=\"twitter:card\" content=\"summary_large_image\" \/>\n<meta name=\"twitter:label1\" content=\"Temps estimat de lectura\" \/>\n\t<meta name=\"twitter:data1\" content=\"1 minut\" \/>\n<script type=\"application\/ld+json\" class=\"yoast-schema-graph\">{\"@context\":\"https:\/\/schema.org\",\"@graph\":[{\"@type\":\"WebPage\",\"@id\":\"https:\/\/ascensorescondal.com\/ca\/sant-joan-despi\/\",\"url\":\"https:\/\/ascensorescondal.com\/ca\/sant-joan-despi\/\",\"name\":\"Ascensors Sant Joan Desp\u00ed. Manteniment elevador\",\"isPartOf\":{\"@id\":\"https:\/\/ascensorescondal.com\/ca\/#website\"},\"datePublished\":\"2022-11-16T08:15:14+00:00\",\"dateModified\":\"2024-04-05T12:24:39+00:00\",\"description\":\"ASCENSORS CONDAL. Elevador. Professionals de la conservaci\u00f3, modernitzaci\u00f3 i manteniment d'ascensors a Sant Joan Desp\u00ed\",\"breadcrumb\":{\"@id\":\"https:\/\/ascensorescondal.com\/ca\/sant-joan-despi\/#breadcrumb\"},\"inLanguage\":\"ca\",\"potentialAction\":[{\"@type\":\"ReadAction\",\"target\":[\"https:\/\/ascensorescondal.com\/ca\/sant-joan-despi\/\"]}]},{\"@type\":\"BreadcrumbList\",\"@id\":\"https:\/\/ascensorescondal.com\/ca\/sant-joan-despi\/#breadcrumb\",\"itemListElement\":[{\"@type\":\"ListItem\",\"position\":1,\"name\":\"Portada\",\"item\":\"https:\/\/ascensorescondal.com\/ca\/\"},{\"@type\":\"ListItem\",\"position\":2,\"name\":\"Sant Joan Desp\u00ed\"}]},{\"@type\":\"WebSite\",\"@id\":\"https:\/\/ascensorescondal.com\/ca\/#website\",\"url\":\"https:\/\/ascensorescondal.com\/ca\/\",\"name\":\"\",\"description\":\"\",\"potentialAction\":[{\"@type\":\"SearchAction\",\"target\":{\"@type\":\"EntryPoint\",\"urlTemplate\":\"https:\/\/ascensorescondal.com\/ca\/?s={search_term_string}\"},\"query-input\":{\"@type\":\"PropertyValueSpecification\",\"valueRequired\":true,\"valueName\":\"search_term_string\"}}],\"inLanguage\":\"ca\"}]}<\/script>\n<!-- \/ Yoast SEO plugin. -->","yoast_head_json":{"title":"Ascensors Sant Joan Desp\u00ed. Manteniment elevador","description":"ASCENSORS CONDAL. Elevador. Professionals de la conservaci\u00f3, modernitzaci\u00f3 i manteniment d'ascensors a Sant Joan Desp\u00ed","robots":{"index":"index","follow":"follow","max-snippet":"max-snippet:-1","max-image-preview":"max-image-preview:large","max-video-preview":"max-video-preview:-1"},"canonical":"https:\/\/ascensorescondal.com\/ca\/sant-joan-despi\/","og_locale":"ca_ES","og_type":"article","og_title":"Ascensors Sant Joan Desp\u00ed. Manteniment elevador","og_description":"ASCENSORS CONDAL. Elevador. Professionals de la conservaci\u00f3, modernitzaci\u00f3 i manteniment d'ascensors a Sant Joan Desp\u00ed","og_url":"https:\/\/ascensorescondal.com\/ca\/sant-joan-despi\/","article_modified_time":"2024-04-05T12:24:39+00:00","twitter_card":"summary_large_image","twitter_misc":{"Temps estimat de lectura":"1 minut"},"schema":{"@context":"https:\/\/schema.org","@graph":[{"@type":"WebPage","@id":"https:\/\/ascensorescondal.com\/ca\/sant-joan-despi\/","url":"https:\/\/ascensorescondal.com\/ca\/sant-joan-despi\/","name":"Ascensors Sant Joan Desp\u00ed. Manteniment elevador","isPartOf":{"@id":"https:\/\/ascensorescondal.com\/ca\/#website"},"datePublished":"2022-11-16T08:15:14+00:00","dateModified":"2024-04-05T12:24:39+00:00","description":"ASCENSORS CONDAL. Elevador. Professionals de la conservaci\u00f3, modernitzaci\u00f3 i manteniment d'ascensors a Sant Joan Desp\u00ed","breadcrumb":{"@id":"https:\/\/ascensorescondal.com\/ca\/sant-joan-despi\/#breadcrumb"},"inLanguage":"ca","potentialAction":[{"@type":"ReadAction","target":["https:\/\/ascensorescondal.com\/ca\/sant-joan-despi\/"]}]},{"@type":"BreadcrumbList","@id":"https:\/\/ascensorescondal.com\/ca\/sant-joan-despi\/#breadcrumb","itemListElement":[{"@type":"ListItem","position":1,"name":"Portada","item":"https:\/\/ascensorescondal.com\/ca\/"},{"@type":"ListItem","position":2,"name":"Sant Joan Desp\u00ed"}]},{"@type":"WebSite","@id":"https:\/\/ascensorescondal.com\/ca\/#website","url":"https:\/\/ascensorescondal.com\/ca\/","name":"","description":"","potentialAction":[{"@type":"SearchAction","target":{"@type":"EntryPoint","urlTemplate":"https:\/\/ascensorescondal.com\/ca\/?s={search_term_string}"},"query-input":{"@type":"PropertyValueSpecification","valueRequired":true,"valueName":"search_term_string"}}],"inLanguage":"ca"}]}},"_links":{"self":[{"href":"https:\/\/ascensorescondal.com\/ca\/wp-json\/wp\/v2\/pages\/1391","targetHints":{"allow":["GET"]}}],"collection":[{"href":"https:\/\/ascensorescondal.com\/ca\/wp-json\/wp\/v2\/pages"}],"about":[{"href":"https:\/\/ascensorescondal.com\/ca\/wp-json\/wp\/v2\/types\/page"}],"author":[{"embeddable":true,"href":"https:\/\/ascensorescondal.com\/ca\/wp-json\/wp\/v2\/users\/1"}],"replies":[{"embeddable":true,"href":"https:\/\/ascensorescondal.com\/ca\/wp-json\/wp\/v2\/comments?post=1391"}],"version-history":[{"count":2,"href":"https:\/\/ascensorescondal.com\/ca\/wp-json\/wp\/v2\/pages\/1391\/revisions"}],"predecessor-version":[{"id":1565,"href":"https:\/\/ascensorescondal.com\/ca\/wp-json\/wp\/v2\/pages\/1391\/revisions\/1565"}],"wp:attachment":[{"href":"https:\/\/ascensorescondal.com\/ca\/wp-json\/wp\/v2\/media?parent=1391"}],"curies":[{"name":"wp","href":"https:\/\/api.w.org\/{rel}","templated":true}]}}