{"id":118,"date":"2023-12-15T16:31:13","date_gmt":"2023-12-15T15:31:13","guid":{"rendered":"https:\/\/ascensorescondal.com\/?page_id=118"},"modified":"2024-05-20T13:18:41","modified_gmt":"2024-05-20T11:18:41","slug":"instalacion-ascensors","status":"publish","type":"page","link":"https:\/\/ascensorescondal.com\/ca\/instalacion-ascensors\/","title":{"rendered":"Instalaci\u00f3n Ascensores"},"content":{"rendered":"\t\t<div data-elementor-type=\"wp-page\" data-elementor-id=\"118\" class=\"elementor elementor-118\" data-elementor-post-type=\"page\">\n\t\t\t\t\t\t<section class=\"elementor-section elementor-top-section elementor-element elementor-element-47617a5d elementor-section-boxed elementor-section-height-default elementor-section-height-default\" data-id=\"47617a5d\" data-element_type=\"section\" data-settings=\"{&quot;background_background&quot;:&quot;classic&quot;}\">\n\t\t\t\t\t\t\t<div class=\"elementor-background-overlay\"><\/div>\n\t\t\t\t\t\t\t<div class=\"elementor-container elementor-column-gap-default\">\n\t\t\t\t\t<div class=\"elementor-column elementor-col-100 elementor-top-column elementor-element elementor-element-22a23ca8\" data-id=\"22a23ca8\" data-element_type=\"column\">\n\t\t\t<div class=\"elementor-widget-wrap elementor-element-populated\">\n\t\t\t\t\t\t<div class=\"elementor-element elementor-element-7bdb8390 elementor-widget elementor-widget-heading\" data-id=\"7bdb8390\" data-element_type=\"widget\" data-widget_type=\"heading.default\">\n\t\t\t\t<div class=\"elementor-widget-container\">\n\t\t\t<style>\/*! elementor - v3.20.0 - 26-03-2024 *\/\n.elementor-heading-title{padding:0;margin:0;line-height:1}.elementor-widget-heading .elementor-heading-title[class*=elementor-size-]>a{color:inherit;font-size:inherit;line-height:inherit}.elementor-widget-heading .elementor-heading-title.elementor-size-small{font-size:15px}.elementor-widget-heading .elementor-heading-title.elementor-size-medium{font-size:19px}.elementor-widget-heading .elementor-heading-title.elementor-size-large{font-size:29px}.elementor-widget-heading .elementor-heading-title.elementor-size-xl{font-size:39px}.elementor-widget-heading .elementor-heading-title.elementor-size-xxl{font-size:59px}<\/style><h1 class=\"elementor-heading-title elementor-size-default\">Instal\u00b7laci\u00f3 Ascensors<\/h1>\t\t<\/div>\n\t\t\t\t<\/div>\n\t\t\t\t<div class=\"elementor-element elementor-element-2d82ede elementor-widget elementor-widget-text-editor\" data-id=\"2d82ede\" data-element_type=\"widget\" data-widget_type=\"text-editor.default\">\n\t\t\t\t<div class=\"elementor-widget-container\">\n\t\t\t<style>\/*! elementor - v3.20.0 - 26-03-2024 *\/\n.elementor-widget-text-editor.elementor-drop-cap-view-stacked .elementor-drop-cap{background-color:#69727d;color:#fff}.elementor-widget-text-editor.elementor-drop-cap-view-framed .elementor-drop-cap{color:#69727d;border:3px solid;background-color:transparent}.elementor-widget-text-editor:not(.elementor-drop-cap-view-default) .elementor-drop-cap{margin-top:8px}.elementor-widget-text-editor:not(.elementor-drop-cap-view-default) .elementor-drop-cap-letter{width:1em;height:1em}.elementor-widget-text-editor .elementor-drop-cap{float:left;text-align:center;line-height:1;font-size:50px}.elementor-widget-text-editor .elementor-drop-cap-letter{display:inline-block}<\/style>\t\t\t\tA Ascensors Condal estem especialitzats en la instal\u00b7laci\u00f3 d&#8217;ascensors en comunitats de propietaris.\t\t\t\t\t\t<\/div>\n\t\t\t\t<\/div>\n\t\t\t\t\t<\/div>\n\t\t<\/div>\n\t\t\t\t\t<\/div>\n\t\t<\/section>\n\t\t\t\t<section class=\"elementor-section elementor-top-section elementor-element elementor-element-3d4bc882 elementor-section-boxed elementor-section-height-default elementor-section-height-default\" data-id=\"3d4bc882\" data-element_type=\"section\">\n\t\t\t\t\t\t<div class=\"elementor-container elementor-column-gap-wide\">\n\t\t\t\t\t<div class=\"elementor-column elementor-col-100 elementor-top-column elementor-element elementor-element-154054f\" data-id=\"154054f\" data-element_type=\"column\">\n\t\t\t<div class=\"elementor-widget-wrap elementor-element-populated\">\n\t\t\t\t\t\t<section class=\"elementor-section elementor-inner-section elementor-element elementor-element-2218e1f1 elementor-section-boxed elementor-section-height-default elementor-section-height-default\" data-id=\"2218e1f1\" data-element_type=\"section\">\n\t\t\t\t\t\t<div class=\"elementor-container elementor-column-gap-default\">\n\t\t\t\t\t<div class=\"elementor-column elementor-col-50 elementor-inner-column elementor-element elementor-element-40e569da\" data-id=\"40e569da\" data-element_type=\"column\">\n\t\t\t<div class=\"elementor-widget-wrap elementor-element-populated\">\n\t\t\t\t\t\t<div class=\"elementor-element elementor-element-243b7e3a elementor-widget elementor-widget-text-editor\" data-id=\"243b7e3a\" data-element_type=\"widget\" data-widget_type=\"text-editor.default\">\n\t\t\t\t<div class=\"elementor-widget-container\">\n\t\t\t\t\t\t\tA hores d&#8217;ara resulta gaireb\u00e9 impensable que un edifici de nova construcci\u00f3 no tingui un o fins i tot diversos ascensors. Aix\u00f2 \u00e9s degut a la normativa actual. S&#8217;hi determina que qualsevol obra de nova construcci\u00f3 ha de comptar amb els mitjans necessaris per garantir l&#8217;acc\u00e9s i la mobilitat de tots els ciutadans.\n\nEn els darrers anys\u00a0<b>Ascensors Euro Condal<\/b>\u00a0ha estat una de les empreses d&#8217;elevadors m\u00e9s sol\u00b7licitades per dur a terme la instal\u00b7laci\u00f3 d&#8217;aquests dispositius en tota mena de noves construccions: comunitats de ve\u00efns, adossats, edificis p\u00fablics, centres comercials, etc.\n\nI \u00e9s que no nom\u00e9s proporcionem un servei excel\u00b7lent, r\u00e0pid i d&#8217;una alta qualitat, sin\u00f3 que ens ajustem a qualsevol pressupost sense que aix\u00f2 repercuteixi de manera negativa en els resultats<\/b>. A m\u00e9s, tenim una gran varietat d&#8217;ascensors, per la qual cosa estem capacitats per satisfer les necessitats de tots els nostres usuaris.\t\t\t\t\t\t<\/div>\n\t\t\t\t<\/div>\n\t\t\t\t\t<\/div>\n\t\t<\/div>\n\t\t\t\t<div class=\"elementor-column elementor-col-50 elementor-inner-column elementor-element elementor-element-201a3854\" data-id=\"201a3854\" data-element_type=\"column\">\n\t\t\t<div class=\"elementor-widget-wrap elementor-element-populated\">\n\t\t\t\t\t\t<div class=\"elementor-element elementor-element-7b207b3d elementor-widget elementor-widget-image\" data-id=\"7b207b3d\" data-element_type=\"widget\" data-widget_type=\"image.default\">\n\t\t\t\t<div class=\"elementor-widget-container\">\n\t\t\t<style>\/*! elementor - v3.20.0 - 26-03-2024 *\/\n.elementor-widget-image{text-align:center}.elementor-widget-image a{display:inline-block}.elementor-widget-image a img[src$=\".svg\"]{width:48px}.elementor-widget-image img{vertical-align:middle;display:inline-block}<\/style>\t\t\t\t\t\t\t\t\t\t<img fetchpriority=\"high\" decoding=\"async\" width=\"485\" height=\"335\" src=\"https:\/\/ascensorescondal.com\/ca\/wp-content\/uploads\/2023\/12\/ascensores-comunidad-propietarios.jpg\" class=\"attachment-large size-large wp-image-121\" alt=\"ascensores comunidad propietarios\" srcset=\"https:\/\/ascensorescondal.com\/ca\/wp-content\/uploads\/2023\/12\/ascensores-comunidad-propietarios.jpg 485w, https:\/\/ascensorescondal.com\/ca\/wp-content\/uploads\/2023\/12\/ascensores-comunidad-propietarios-300x207.jpg 300w\" sizes=\"(max-width: 485px) 100vw, 485px\" \/>\t\t\t\t\t\t\t\t\t\t\t\t\t<\/div>\n\t\t\t\t<\/div>\n\t\t\t\t\t<\/div>\n\t\t<\/div>\n\t\t\t\t\t<\/div>\n\t\t<\/section>\n\t\t\t\t\t<\/div>\n\t\t<\/div>\n\t\t\t\t\t<\/div>\n\t\t<\/section>\n\t\t\t\t<section class=\"elementor-section elementor-top-section elementor-element elementor-element-73ea1229 elementor-section-content-middle elementor-section-boxed elementor-section-height-default elementor-section-height-default\" data-id=\"73ea1229\" data-element_type=\"section\" data-settings=\"{&quot;background_background&quot;:&quot;classic&quot;}\">\n\t\t\t\t\t\t\t<div class=\"elementor-background-overlay\"><\/div>\n\t\t\t\t\t\t\t<div class=\"elementor-container elementor-column-gap-default\">\n\t\t\t\t\t<div class=\"elementor-column elementor-col-50 elementor-top-column elementor-element elementor-element-542c0b1\" data-id=\"542c0b1\" data-element_type=\"column\">\n\t\t\t<div class=\"elementor-widget-wrap elementor-element-populated\">\n\t\t\t\t\t\t<div class=\"elementor-element elementor-element-adbfddd elementor-widget elementor-widget-heading\" data-id=\"adbfddd\" data-element_type=\"widget\" data-widget_type=\"heading.default\">\n\t\t\t\t<div class=\"elementor-widget-container\">\n\t\t\t<p class=\"elementor-heading-title elementor-size-default\">ASCENSORES CONDAL<\/p>\t\t<\/div>\n\t\t\t\t<\/div>\n\t\t\t\t<div class=\"elementor-element elementor-element-43336855 elementor-widget elementor-widget-heading\" data-id=\"43336855\" data-element_type=\"widget\" data-widget_type=\"heading.default\">\n\t\t\t\t<div class=\"elementor-widget-container\">\n\t\t\t<h3 class=\"elementor-heading-title elementor-size-default\">Experts instal\u00b7ladors d'ascensors<\/h3>\t\t<\/div>\n\t\t\t\t<\/div>\n\t\t\t\t\t<\/div>\n\t\t<\/div>\n\t\t\t\t<div class=\"elementor-column elementor-col-50 elementor-top-column elementor-element elementor-element-3b6cdd41\" data-id=\"3b6cdd41\" data-element_type=\"column\" data-settings=\"{&quot;background_background&quot;:&quot;classic&quot;}\">\n\t\t\t<div class=\"elementor-widget-wrap elementor-element-populated\">\n\t\t\t\t\t\t<section class=\"elementor-section elementor-inner-section elementor-element elementor-element-2822fd02 elementor-section-boxed elementor-section-height-default elementor-section-height-default\" data-id=\"2822fd02\" data-element_type=\"section\" data-settings=\"{&quot;background_background&quot;:&quot;classic&quot;}\">\n\t\t\t\t\t\t<div class=\"elementor-container elementor-column-gap-default\">\n\t\t\t\t\t<div class=\"elementor-column elementor-col-50 elementor-inner-column elementor-element elementor-element-2cbf7ee9\" data-id=\"2cbf7ee9\" data-element_type=\"column\">\n\t\t\t<div class=\"elementor-widget-wrap elementor-element-populated\">\n\t\t\t\t\t\t<div class=\"elementor-element elementor-element-43c80d2b elementor-view-stacked elementor-position-left elementor-mobile-position-left elementor-shape-circle elementor-vertical-align-top elementor-widget elementor-widget-icon-box\" data-id=\"43c80d2b\" data-element_type=\"widget\" data-widget_type=\"icon-box.default\">\n\t\t\t\t<div class=\"elementor-widget-container\">\n\t\t\t<link rel=\"stylesheet\" href=\"https:\/\/ascensorescondal.com\/ca\/wp-content\/plugins\/elementor\/assets\/css\/widget-icon-box.min.css\">\t\t<div class=\"elementor-icon-box-wrapper\">\n\t\t\t\t\t\t<div class=\"elementor-icon-box-icon\">\n\t\t\t\t<a href=\"mailto:info@ascensorescondal.com\" class=\"elementor-icon elementor-animation-\" tabindex=\"-1\">\n\t\t\t\t<i aria-hidden=\"true\" class=\"far fa-envelope\"><\/i>\t\t\t\t<\/a>\n\t\t\t<\/div>\n\t\t\t\t\t\t<div class=\"elementor-icon-box-content\">\n\t\t\t\t<span class=\"elementor-icon-box-title\">\n\t\t\t\t\t<a href=\"mailto:info@ascensorescondal.com\" >\n\t\t\t\t\t\tEscriu-nos al mail\t\t\t\t\t<\/a>\n\t\t\t\t<\/span>\n\t\t\t\t\t\t\t\t\t<p class=\"elementor-icon-box-description\">\n\t\t\t\t\t\tinfo@ascensorescondal.com\t\t\t\t\t<\/p>\n\t\t\t\t\t\t\t<\/div>\n\t\t<\/div>\n\t\t\t\t<\/div>\n\t\t\t\t<\/div>\n\t\t\t\t\t<\/div>\n\t\t<\/div>\n\t\t\t\t<div class=\"elementor-column elementor-col-50 elementor-inner-column elementor-element elementor-element-47001d71\" data-id=\"47001d71\" data-element_type=\"column\">\n\t\t\t<div class=\"elementor-widget-wrap elementor-element-populated\">\n\t\t\t\t\t\t<div class=\"elementor-element elementor-element-68900306 elementor-view-stacked elementor-position-left elementor-mobile-position-left elementor-shape-circle elementor-vertical-align-top elementor-widget elementor-widget-icon-box\" data-id=\"68900306\" data-element_type=\"widget\" data-widget_type=\"icon-box.default\">\n\t\t\t\t<div class=\"elementor-widget-container\">\n\t\t\t\t\t<div class=\"elementor-icon-box-wrapper\">\n\t\t\t\t\t\t<div class=\"elementor-icon-box-icon\">\n\t\t\t\t<a href=\"tel:+34%20934617840\" class=\"elementor-icon elementor-animation-\" tabindex=\"-1\">\n\t\t\t\t<i aria-hidden=\"true\" class=\"fas fa-phone-alt\"><\/i>\t\t\t\t<\/a>\n\t\t\t<\/div>\n\t\t\t\t\t\t<div class=\"elementor-icon-box-content\">\n\t\t\t\t<span class=\"elementor-icon-box-title\">\n\t\t\t\t\t<a href=\"tel:+34%20934617840\" >\n\t\t\t\t\t\tTruca'ns\t\t\t\t\t<\/a>\n\t\t\t\t<\/span>\n\t\t\t\t\t\t\t\t\t<p class=\"elementor-icon-box-description\">\n\t\t\t\t\t\t+34 934 61 78 40\t\t\t\t\t<\/p>\n\t\t\t\t\t\t\t<\/div>\n\t\t<\/div>\n\t\t\t\t<\/div>\n\t\t\t\t<\/div>\n\t\t\t\t\t<\/div>\n\t\t<\/div>\n\t\t\t\t\t<\/div>\n\t\t<\/section>\n\t\t\t\t\t<\/div>\n\t\t<\/div>\n\t\t\t\t\t<\/div>\n\t\t<\/section>\n\t\t\t\t<section class=\"elementor-section elementor-top-section elementor-element elementor-element-38490a39 elementor-section-content-middle elementor-section-boxed elementor-section-height-default elementor-section-height-default\" data-id=\"38490a39\" data-element_type=\"section\">\n\t\t\t\t\t\t<div class=\"elementor-container elementor-column-gap-default\">\n\t\t\t\t\t<div class=\"elementor-column elementor-col-100 elementor-top-column elementor-element elementor-element-48643833\" data-id=\"48643833\" data-element_type=\"column\">\n\t\t\t<div class=\"elementor-widget-wrap elementor-element-populated\">\n\t\t\t\t\t\t<div class=\"elementor-element elementor-element-2a6f45c2 elementor-widget elementor-widget-heading\" data-id=\"2a6f45c2\" data-element_type=\"widget\" data-widget_type=\"heading.default\">\n\t\t\t\t<div class=\"elementor-widget-container\">\n\t\t\t<h2 class=\"elementor-heading-title elementor-size-default\">Instal\u00b7laci\u00f3 d'elevador a comunitat de propietaris<\/h2>\t\t<\/div>\n\t\t\t\t<\/div>\n\t\t\t\t<section class=\"elementor-section elementor-inner-section elementor-element elementor-element-7566ce41 elementor-section-boxed elementor-section-height-default elementor-section-height-default\" data-id=\"7566ce41\" data-element_type=\"section\">\n\t\t\t\t\t\t<div class=\"elementor-container elementor-column-gap-default\">\n\t\t\t\t\t<div class=\"elementor-column elementor-col-100 elementor-inner-column elementor-element elementor-element-1206d971\" data-id=\"1206d971\" data-element_type=\"column\">\n\t\t\t<div class=\"elementor-widget-wrap elementor-element-populated\">\n\t\t\t\t\t\t<div class=\"elementor-element elementor-element-2aead515 elementor-widget elementor-widget-text-editor\" data-id=\"2aead515\" data-element_type=\"widget\" data-widget_type=\"text-editor.default\">\n\t\t\t\t<div class=\"elementor-widget-container\">\n\t\t\t\t\t\t\tAmb tot, la nostra companyia tamb\u00e9 presta els seus serveis per a la instal\u00b7laci\u00f3 d&#8217;elevador en comunitat de ve\u00efnsantiga. En aquests casos no parlem d&#8217;una obra nova, sin\u00f3 d&#8217;un proc\u00e9s de <a href=\"\/ca\/ascensors-edificis-antics\/\">rehabilitaci\u00f3<\/a>,, cosa que comportaria una s\u00e8rie de processos molt similars.\n\nEn primer lloc, els nostres t\u00e8cnics s&#8217;encarregarien de fer un estudi arquitect\u00f2nic de l&#8217;edifici mitjan\u00e7ant el qual elaborarien una llista de possibles ubicacions on instal\u00b7lar l&#8217;ascensor. I, en segon lloc, un cop decidit, la nostra empresa s&#8217;encarregaria de fer els tr\u00e0mits administratius i judicials pertinents per poder iniciar les obres.\n\nCom veieu,\u00a0<b>a Ascensors Euro Condal ens ocupem de tot<\/b>, procurant la m\u00e0xima tranquil\u00b7litat als nostres clients perqu\u00e8 no s&#8217;hagin de preocupar per res. Aix\u00ed,\u00a0<b>la nostra empresa ofereix un servei integral\u00a0<\/b>que compr\u00e8n des dels passos previs a la instal\u00b7laci\u00f3 del dispositiu fins al manteniment preventiu i correctiu que de manera peri\u00f2dica cal sotmetre a l&#8217;elevador. De la mateixa manera, comptem amb l&#8217;ajuda del nostre departament de finan\u00e7ament, gr\u00e0cies al qual podem trobar la manera d&#8217;ajustar-nos al pressupost de qualsevol client o, d&#8217;altra banda, donar-vos les facilitats de pagament que necessiteu.\n\nA Ascensors Condal\u00a0<b>el nostre principal objectiu \u00e9s la satisfacci\u00f3 final dels nostres usuaris<\/b>\u00a0i, en conseq\u00fc\u00e8ncia, totes les nostres prestacions estan dirigides a lluitar per ell. \u00c9s per aix\u00f2 que les nostres senyes d&#8217;identitat s\u00f3n, sens dubte, l&#8217;efici\u00e8ncia, la qualitat, la seguretat i, per descomptat, un tracte proper i personalitzat.\n\nNo ho dubteu m\u00e9s, tant si el que voleu \u00e9s consultar els preus de la instal\u00b7laci\u00f3 d&#8217;un ascensor per a xalets com si heu sentit a parlar de nosaltres i voleu sol\u00b7licitar els nostres serveis no dubteu a trucar-nos i us informarem sense comprom\u00eds.\t\t\t\t\t\t<\/div>\n\t\t\t\t<\/div>\n\t\t\t\t\t<\/div>\n\t\t<\/div>\n\t\t\t\t\t<\/div>\n\t\t<\/section>\n\t\t\t\t\t<\/div>\n\t\t<\/div>\n\t\t\t\t\t<\/div>\n\t\t<\/section>\n\t\t\t\t<\/div>\n\t\t","protected":false},"excerpt":{"rendered":"<p>Instal\u00b7laci\u00f3 Ascensors A Ascensors Condal estem especialitzats en la instal\u00b7laci\u00f3 d&#8217;ascensors en comunitats de propietaris.A hores d&#8217;ara resulta gaireb\u00e9 impensable que un edifici de nova construcci\u00f3 no tingui un o fins i tot diversos ascensors. Aix\u00f2 \u00e9s degut a la normativa actual. S&#8217;hi determina que qualsevol obra de nova construcci\u00f3 ha de comptar amb els &hellip;<\/p>\n<p class=\"read-more\"> <a class=\"\" href=\"https:\/\/ascensorescondal.com\/ca\/instalacion-ascensors\/\"> <span class=\"screen-reader-text\">Instalaci\u00f3n Ascensores<\/span> Llegeix m\u00e9s &raquo;<\/a><\/p>\n","protected":false},"author":1,"featured_media":0,"parent":0,"menu_order":0,"comment_status":"closed","ping_status":"closed","template":"","meta":{"site-sidebar-layout":"no-sidebar","site-content-layout":"","ast-site-content-layout":"full-width-container","site-content-style":"default","site-sidebar-style":"default","ast-global-header-display":"","ast-banner-title-visibility":"","ast-main-header-display":"","ast-hfb-above-header-display":"","ast-hfb-below-header-display":"","ast-hfb-mobile-header-display":"","site-post-title":"disabled","ast-breadcrumbs-content":"","ast-featured-img":"disabled","footer-sml-layout":"","theme-transparent-header-meta":"default","adv-header-id-meta":"","stick-header-meta":"","header-above-stick-meta":"","header-main-stick-meta":"","header-below-stick-meta":"","astra-migrate-meta-layouts":"set","footnotes":""},"class_list":["post-118","page","type-page","status-publish","hentry"],"yoast_head":"<!-- This site is optimized with the Yoast SEO plugin v26.0 - https:\/\/yoast.com\/wordpress\/plugins\/seo\/ -->\n<title>Instal\u00b7laci\u00f3 ascensors comunitat de propietaris<\/title>\n<meta name=\"description\" content=\"ASCENSORS CONDAL. Manteniment, muntatge i instal\u00b7laci\u00f3 d&#039;ascensors a comunitats de ve\u00efns i propietaris\" \/>\n<meta name=\"robots\" content=\"index, follow, max-snippet:-1, max-image-preview:large, max-video-preview:-1\" \/>\n<link rel=\"canonical\" href=\"https:\/\/ascensorescondal.com\/ca\/instalacion-ascensors\/\" \/>\n<meta property=\"og:locale\" content=\"ca_ES\" \/>\n<meta property=\"og:type\" content=\"article\" \/>\n<meta property=\"og:title\" content=\"Instal\u00b7laci\u00f3 ascensors comunitat de propietaris\" \/>\n<meta property=\"og:description\" content=\"ASCENSORS CONDAL. Manteniment, muntatge i instal\u00b7laci\u00f3 d&#039;ascensors a comunitats de ve\u00efns i propietaris\" \/>\n<meta property=\"og:url\" content=\"https:\/\/ascensorescondal.com\/ca\/instalacion-ascensors\/\" \/>\n<meta property=\"article:modified_time\" content=\"2024-05-20T11:18:41+00:00\" \/>\n<meta property=\"og:image\" content=\"https:\/\/ascensorescondal.com\/ca\/wp-content\/uploads\/2023\/12\/ascensores-comunidad-propietarios.jpg\" \/>\n<meta name=\"twitter:card\" content=\"summary_large_image\" \/>\n<meta name=\"twitter:label1\" content=\"Temps estimat de lectura\" \/>\n\t<meta name=\"twitter:data1\" content=\"3 minuts\" \/>\n<script type=\"application\/ld+json\" class=\"yoast-schema-graph\">{\"@context\":\"https:\/\/schema.org\",\"@graph\":[{\"@type\":\"WebPage\",\"@id\":\"https:\/\/ascensorescondal.com\/ca\/instalacion-ascensors\/\",\"url\":\"https:\/\/ascensorescondal.com\/ca\/instalacion-ascensors\/\",\"name\":\"Instal\u00b7laci\u00f3 ascensors comunitat de propietaris\",\"isPartOf\":{\"@id\":\"https:\/\/ascensorescondal.com\/ca\/#website\"},\"primaryImageOfPage\":{\"@id\":\"https:\/\/ascensorescondal.com\/ca\/instalacion-ascensors\/#primaryimage\"},\"image\":{\"@id\":\"https:\/\/ascensorescondal.com\/ca\/instalacion-ascensors\/#primaryimage\"},\"thumbnailUrl\":\"https:\/\/ascensorescondal.com\/ca\/wp-content\/uploads\/2023\/12\/ascensores-comunidad-propietarios.jpg\",\"datePublished\":\"2023-12-15T15:31:13+00:00\",\"dateModified\":\"2024-05-20T11:18:41+00:00\",\"description\":\"ASCENSORS CONDAL. Manteniment, muntatge i instal\u00b7laci\u00f3 d'ascensors a comunitats de ve\u00efns i propietaris\",\"breadcrumb\":{\"@id\":\"https:\/\/ascensorescondal.com\/ca\/instalacion-ascensors\/#breadcrumb\"},\"inLanguage\":\"ca\",\"potentialAction\":[{\"@type\":\"ReadAction\",\"target\":[\"https:\/\/ascensorescondal.com\/ca\/instalacion-ascensors\/\"]}]},{\"@type\":\"ImageObject\",\"inLanguage\":\"ca\",\"@id\":\"https:\/\/ascensorescondal.com\/ca\/instalacion-ascensors\/#primaryimage\",\"url\":\"https:\/\/ascensorescondal.com\/ca\/wp-content\/uploads\/2023\/12\/ascensores-comunidad-propietarios.jpg\",\"contentUrl\":\"https:\/\/ascensorescondal.com\/ca\/wp-content\/uploads\/2023\/12\/ascensores-comunidad-propietarios.jpg\",\"width\":485,\"height\":335,\"caption\":\"ascensores comunidad propietarios\"},{\"@type\":\"BreadcrumbList\",\"@id\":\"https:\/\/ascensorescondal.com\/ca\/instalacion-ascensors\/#breadcrumb\",\"itemListElement\":[{\"@type\":\"ListItem\",\"position\":1,\"name\":\"Portada\",\"item\":\"https:\/\/ascensorescondal.com\/ca\/\"},{\"@type\":\"ListItem\",\"position\":2,\"name\":\"Instalaci\u00f3n Ascensores\"}]},{\"@type\":\"WebSite\",\"@id\":\"https:\/\/ascensorescondal.com\/ca\/#website\",\"url\":\"https:\/\/ascensorescondal.com\/ca\/\",\"name\":\"\",\"description\":\"\",\"potentialAction\":[{\"@type\":\"SearchAction\",\"target\":{\"@type\":\"EntryPoint\",\"urlTemplate\":\"https:\/\/ascensorescondal.com\/ca\/?s={search_term_string}\"},\"query-input\":{\"@type\":\"PropertyValueSpecification\",\"valueRequired\":true,\"valueName\":\"search_term_string\"}}],\"inLanguage\":\"ca\"}]}<\/script>\n<!-- \/ Yoast SEO plugin. -->","yoast_head_json":{"title":"Instal\u00b7laci\u00f3 ascensors comunitat de propietaris","description":"ASCENSORS CONDAL. Manteniment, muntatge i instal\u00b7laci\u00f3 d'ascensors a comunitats de ve\u00efns i propietaris","robots":{"index":"index","follow":"follow","max-snippet":"max-snippet:-1","max-image-preview":"max-image-preview:large","max-video-preview":"max-video-preview:-1"},"canonical":"https:\/\/ascensorescondal.com\/ca\/instalacion-ascensors\/","og_locale":"ca_ES","og_type":"article","og_title":"Instal\u00b7laci\u00f3 ascensors comunitat de propietaris","og_description":"ASCENSORS CONDAL. Manteniment, muntatge i instal\u00b7laci\u00f3 d'ascensors a comunitats de ve\u00efns i propietaris","og_url":"https:\/\/ascensorescondal.com\/ca\/instalacion-ascensors\/","article_modified_time":"2024-05-20T11:18:41+00:00","og_image":[{"url":"https:\/\/ascensorescondal.com\/ca\/wp-content\/uploads\/2023\/12\/ascensores-comunidad-propietarios.jpg","type":"","width":"","height":""}],"twitter_card":"summary_large_image","twitter_misc":{"Temps estimat de lectura":"3 minuts"},"schema":{"@context":"https:\/\/schema.org","@graph":[{"@type":"WebPage","@id":"https:\/\/ascensorescondal.com\/ca\/instalacion-ascensors\/","url":"https:\/\/ascensorescondal.com\/ca\/instalacion-ascensors\/","name":"Instal\u00b7laci\u00f3 ascensors comunitat de propietaris","isPartOf":{"@id":"https:\/\/ascensorescondal.com\/ca\/#website"},"primaryImageOfPage":{"@id":"https:\/\/ascensorescondal.com\/ca\/instalacion-ascensors\/#primaryimage"},"image":{"@id":"https:\/\/ascensorescondal.com\/ca\/instalacion-ascensors\/#primaryimage"},"thumbnailUrl":"https:\/\/ascensorescondal.com\/ca\/wp-content\/uploads\/2023\/12\/ascensores-comunidad-propietarios.jpg","datePublished":"2023-12-15T15:31:13+00:00","dateModified":"2024-05-20T11:18:41+00:00","description":"ASCENSORS CONDAL. Manteniment, muntatge i instal\u00b7laci\u00f3 d'ascensors a comunitats de ve\u00efns i propietaris","breadcrumb":{"@id":"https:\/\/ascensorescondal.com\/ca\/instalacion-ascensors\/#breadcrumb"},"inLanguage":"ca","potentialAction":[{"@type":"ReadAction","target":["https:\/\/ascensorescondal.com\/ca\/instalacion-ascensors\/"]}]},{"@type":"ImageObject","inLanguage":"ca","@id":"https:\/\/ascensorescondal.com\/ca\/instalacion-ascensors\/#primaryimage","url":"https:\/\/ascensorescondal.com\/ca\/wp-content\/uploads\/2023\/12\/ascensores-comunidad-propietarios.jpg","contentUrl":"https:\/\/ascensorescondal.com\/ca\/wp-content\/uploads\/2023\/12\/ascensores-comunidad-propietarios.jpg","width":485,"height":335,"caption":"ascensores comunidad propietarios"},{"@type":"BreadcrumbList","@id":"https:\/\/ascensorescondal.com\/ca\/instalacion-ascensors\/#breadcrumb","itemListElement":[{"@type":"ListItem","position":1,"name":"Portada","item":"https:\/\/ascensorescondal.com\/ca\/"},{"@type":"ListItem","position":2,"name":"Instalaci\u00f3n Ascensores"}]},{"@type":"WebSite","@id":"https:\/\/ascensorescondal.com\/ca\/#website","url":"https:\/\/ascensorescondal.com\/ca\/","name":"","description":"","potentialAction":[{"@type":"SearchAction","target":{"@type":"EntryPoint","urlTemplate":"https:\/\/ascensorescondal.com\/ca\/?s={search_term_string}"},"query-input":{"@type":"PropertyValueSpecification","valueRequired":true,"valueName":"search_term_string"}}],"inLanguage":"ca"}]}},"_links":{"self":[{"href":"https:\/\/ascensorescondal.com\/ca\/wp-json\/wp\/v2\/pages\/118","targetHints":{"allow":["GET"]}}],"collection":[{"href":"https:\/\/ascensorescondal.com\/ca\/wp-json\/wp\/v2\/pages"}],"about":[{"href":"https:\/\/ascensorescondal.com\/ca\/wp-json\/wp\/v2\/types\/page"}],"author":[{"embeddable":true,"href":"https:\/\/ascensorescondal.com\/ca\/wp-json\/wp\/v2\/users\/1"}],"replies":[{"embeddable":true,"href":"https:\/\/ascensorescondal.com\/ca\/wp-json\/wp\/v2\/comments?post=118"}],"version-history":[{"count":10,"href":"https:\/\/ascensorescondal.com\/ca\/wp-json\/wp\/v2\/pages\/118\/revisions"}],"predecessor-version":[{"id":1662,"href":"https:\/\/ascensorescondal.com\/ca\/wp-json\/wp\/v2\/pages\/118\/revisions\/1662"}],"wp:attachment":[{"href":"https:\/\/ascensorescondal.com\/ca\/wp-json\/wp\/v2\/media?parent=118"}],"curies":[{"name":"wp","href":"https:\/\/api.w.org\/{rel}","templated":true}]}}